{"id":23033,"date":"2025-03-20T11:17:43","date_gmt":"2025-03-20T10:17:43","guid":{"rendered":"https:\/\/www.monentreprisedurable.ch\/?page_id=23033"},"modified":"2025-03-25T11:12:53","modified_gmt":"2025-03-25T10:12:53","slug":"csr-self-diagnosis-workshop-2","status":"publish","type":"page","link":"https:\/\/www.monentreprisedurable.ch\/en\/csr-self-diagnosis-workshop-2\/","title":{"rendered":"Self-diagnosis of public procurement in French-speaking Switzerland"},"content":{"rendered":"\t\t<div data-elementor-type=\"wp-page\" data-elementor-id=\"23033\" class=\"elementor elementor-23033 elementor-23032\" data-elementor-post-type=\"page\">\n\t\t\t\t<div class=\"elementor-element elementor-element-bcde8c6 e-con-full e-flex e-con e-parent\" data-id=\"bcde8c6\" data-element_type=\"container\" data-e-type=\"container\" data-settings=\"{&quot;jet_parallax_layout_list&quot;:[],&quot;background_background&quot;:&quot;classic&quot;}\">\n\t\t<div class=\"elementor-element elementor-element-3438730 e-con-full e-flex e-con e-child\" data-id=\"3438730\" data-element_type=\"container\" data-e-type=\"container\" data-settings=\"{&quot;background_background&quot;:&quot;classic&quot;,&quot;jet_parallax_layout_list&quot;:[]}\">\n\t\t\t\t<div class=\"elementor-element elementor-element-ea51b2c elementor-widget elementor-widget-heading\" data-id=\"ea51b2c\" data-element_type=\"widget\" data-e-type=\"widget\" data-widget_type=\"heading.default\">\n\t\t\t\t<div class=\"elementor-widget-container\">\n\t\t\t\t\t<h2 class=\"elementor-heading-title elementor-size-default\">Self-diagnosis of public procurement in French-speaking Switzerland  <\/h2>\t\t\t\t<\/div>\n\t\t\t\t<\/div>\n\t\t\t\t<\/div>\n\t\t\t\t<\/div>\n\t\t<div class=\"elementor-element elementor-element-1e6f618 e-con-full e-flex e-con e-parent\" data-id=\"1e6f618\" data-element_type=\"container\" data-e-type=\"container\" data-settings=\"{&quot;jet_parallax_layout_list&quot;:[],&quot;background_background&quot;:&quot;classic&quot;}\">\n\t\t<div class=\"elementor-element elementor-element-b8bd549 e-con-full e-flex e-con e-child\" data-id=\"b8bd549\" data-element_type=\"container\" data-e-type=\"container\" data-settings=\"{&quot;background_background&quot;:&quot;classic&quot;,&quot;jet_parallax_layout_list&quot;:[]}\">\n\t\t\t\t<div class=\"elementor-element elementor-element-41c7a9c elementor-widget elementor-widget-shortcode\" data-id=\"41c7a9c\" data-element_type=\"widget\" data-e-type=\"widget\" data-widget_type=\"shortcode.default\">\n\t\t\t\t<div class=\"elementor-widget-container\">\n\t\t\t\t\t\t\t<div class=\"elementor-shortcode\"><script type=\"text\/javascript\" >\ndocument.addEventListener(\"DOMContentLoaded\", function(event) { \nif(!window.jQuery) alert(\"The important jQuery library is not properly loaded in your site. Your WordPress theme is probably missing the essential wp_head() call. You can switch to another theme and you will see that the plugin works fine and this notice disappears. If you are still not sure what to do you can contact us for help.\");\n});\n<\/script>  \n  \n<div  id=\"watupro_quiz\" class=\"quiz-area single-page-quiz\">\n<p id=\"submittingExam5\" style=\"display:none;text-align:center;\"><img decoding=\"async\" src=\"https:\/\/www.monentreprisedurable.ch\/wp-content\/plugins\/watupro\/img\/loading.gif\" width=\"16\" height=\"16\"><\/p>\n\n<div class=\"watupro-exam-description\" id=\"description-quiz-5\"><p>Bienvenu.e sur le questionnaire qui reprend toutes les questions de l'annexe Q5 des march\u00e9s publics romands.<\/p>\n<p>Quand vous \u00eates pr\u00eat.e, il suffit de cliquer !<\/p>\n<p>&nbsp;<\/p>\n<p><button class='watupro-start-quiz' style='' onclick=\"WatuPRO.startButton();return false;\">Start Quiz!<\/button><\/p>\n<div id=\"watuproContactDetails-5-start\" style='display:block;' class=\"watupro-ask-for-contact watupro-ask-for-contact-quiz-5 \">\n<p class=\"watupro-contact-field-wrap watupro-contact-field-email-wrap\">Votre adresse mail <br \/>\t<input type=\"text\" size=\"30\" name=\"watupro_taker_email\" id=\"watuproTakerEmail5\" class=\"watupro-contact-required watupro-contact-field\" value=\"\"> \t\t\t<span class=\"error watupro-contact-error\" id=\"watuproTakerEmailError5\" style=\"color:red;\"><\/span>\t \t\t<\/p>\n<p class=\"watupro-contact-field-wrap watupro-contact-field-name-wrap\">Votre nom et pr\u00e9nom <br \/> <input type=\"text\" size=\"30\" name=\"watupro_taker_name\" id=\"watuproTakerName5\" class=\"watupro-contact-required watupro-contact-field\" value=\"\">\t \t\t\t<span class=\"error watupro-contact-error\" id=\"watuproTakerNameError5\" style=\"color:red;\"><\/span>  \t\t<\/p>\n<p class=\"watupro-contact-field-wrap watupro-contact-field-company-wrap\">Votre entreprise <br \/> <input type=\"text\" size=\"30\" name=\"watupro_taker_company\" id=\"watuproTakerCompany5\" class=\" watupro-contact-required watupro-contact-field\" value=\"\">  \t\t\t<span class=\"error watupro-contact-error\" id=\"watuproTakerCompanyError5\" style=\"color:red;\"><\/span>\t \t\t<\/p>\n<\/p><\/div>\n<\/div>\n\n<form action=\"\" method=\"post\" class=\"quiz-form\" id=\"quiz-5\" style=\"display:none;\" enctype=\"multipart\/form-data\" >\n<div class='watupro-paginator-wrap '><ul class='watupro-paginator watupro-category-paginator watupro-category-paginator-custom' id='watuPROCatPaginator5'><span id=\"questionCatTabInfo1\" style=\"display:none;\">1<\/span><li class='WatuPROCatPaginationCatID1 watupro-cat-pagination-page-1' id='exam-5-WatuPROCatPagination-1' onclick='WatuPRO.goto(event, 1);'>\u00c9conomie &#038; Gouvernance<\/li><span id=\"questionCatTabInfo2\" style=\"display:none;\">1<\/span><span id=\"questionCatTabInfo3\" style=\"display:none;\">1<\/span><span id=\"questionCatTabInfo4\" style=\"display:none;\">1<\/span><span id=\"questionCatTabInfo5\" style=\"display:none;\">1<\/span><span id=\"questionCatTabInfo6\" style=\"display:none;\">1<\/span><span id=\"questionCatTabInfo7\" style=\"display:none;\">3<\/span><li class='WatuPROCatPaginationCatID3 watupro-cat-pagination-page-2' id='exam-5-WatuPROCatPagination-7' onclick='WatuPRO.goto(event, 7);'>Environnement<\/li><span id=\"questionCatTabInfo8\" style=\"display:none;\">3<\/span><span id=\"questionCatTabInfo9\" style=\"display:none;\">3<\/span><span id=\"questionCatTabInfo10\" style=\"display:none;\">2<\/span><li class='WatuPROCatPaginationCatID2 watupro-cat-pagination-page-3' id='exam-5-WatuPROCatPagination-10' onclick='WatuPRO.goto(event, 10);'>Soci\u00e9t\u00e9<\/li><span id=\"questionCatTabInfo11\" style=\"display:none;\">2<\/span><span id=\"questionCatTabInfo12\" style=\"display:none;\">2<\/span><\/ul><\/div><div id='catDiv1' style='display:block' class='watupro_catpage '><p>Page 1 of 3<\/p><h3>\u00c9conomie &#038; Gouvernance<\/h3><div class='watupro-rcwrapper'><div class='watu-question ' id='question-1' style=';'><div id='questionWrap-1'  class='  watupro-required-102 watupro-question-id-102'>\n\t\t\t<div class='question-content'><div><span class='watupro_num'>1. <\/span>La direction de votre entreprise a-t-elle d\u00e9fini une strat\u00e9gie de d\u00e9veloppement durable (responsabilit\u00e9 \u00e9cologique, solidarit\u00e9 sociale, efficacit\u00e9 \u00e9conomique) ?<br \/>\r\n<br \/>\r\n<strong>Cocher une seule r\u00e9ponse<\/strong><\/div><input type='hidden' name='question_id[]' id='qID_1' value='102' class='watupro-question-id'\/><input type='hidden' id='answerType102' class='answerTypeCnt1' value='radio'><input type='hidden' id='watupro-required-question-102'><!-- end question-content--><\/div><div class='question-choices watupro-choices-columns '  id='questionChoices102'><div class='watupro-question-choice  ' dir='auto' ><input type='radio' name='answer-102[]' id='answer-id-466' class='answer   answerof-102  ' value='466'   \/><label for='answer-id-466' id='answer-label-466' class=' answer'><span>Non.<\/span><\/label><\/div><div class='watupro-question-choice  ' dir='auto' ><input type='radio' name='answer-102[]' id='answer-id-467' class='answer   answerof-102  ' value='467'   \/><label for='answer-id-467' id='answer-label-467' class=' answer'><span>Non. Mais la direction conduit une r\u00e9flexion. La strat\u00e9gie de d\u00e9veloppement durable est en cours d'\u00e9laboration.\t\t\t\t<\/span><\/label><\/div><div class='watupro-question-choice  ' dir='auto' ><input type='radio' name='answer-102[]' id='answer-id-468' class='answer   answerof-102  ' value='468'   \/><label for='answer-id-468' id='answer-label-468' class=' answer'><span>Oui. La direction a d\u00e9fini et formalis\u00e9 sa strat\u00e9gie dans un des p\u00f4les du d\u00e9veloppement durable (environnement ou social).<\/span><\/label><\/div><div class='watupro-question-choice  ' dir='auto' ><input type='radio' name='answer-102[]' id='answer-id-469' class='answer   answerof-102  ' value='469'   \/><label for='answer-id-469' id='answer-label-469' class=' answer'><span>Oui. La direction a d\u00e9fini et formalis\u00e9 sa strat\u00e9gie dans les p\u00f4les environnement et social du d\u00e9veloppement durable.\t\t\t\t<\/span><\/label><\/div><!-- end question-choices--><\/div><p>D\u00e9crivez en quelques mots les mesures introduites.<br>\n \t\t\t<textarea name='feedback-102' rows='3' cols='30' class='watupro-user-feedback' id='watuproUserFeedback102'><\/textarea><\/p><!-- end questionWrap--><\/div><\/div><div class='watu-question ' id='question-2' style=';'><div id='questionWrap-2'  class='  watupro-required-103 watupro-question-id-103'>\n\t\t\t<div class='question-content'><div><span class='watupro_num'>2. <\/span>Votre entreprise a-t-elle une organisation permettant d'int\u00e9grer des objectifs en lien avec le d\u00e9veloppement durable (responsabilit\u00e9 \u00e9cologique, solidarit\u00e9 sociale, efficacit\u00e9 \u00e9conomique) ?<br \/>\r\n<br \/>\r\n<strong>Cocher une seule r\u00e9ponse<\/strong><\/div><input type='hidden' name='question_id[]' id='qID_2' value='103' class='watupro-question-id'\/><input type='hidden' id='answerType103' class='answerTypeCnt2' value='radio'><input type='hidden' id='watupro-required-question-103'><!-- end question-content--><\/div><div class='question-choices watupro-choices-columns '  id='questionChoices103'><div class='watupro-question-choice  ' dir='auto' ><input type='radio' name='answer-103[]' id='answer-id-470' class='answer   answerof-103  ' value='470'   \/><label for='answer-id-470' id='answer-label-470' class=' answer'><span>Non.<\/span><\/label><\/div><div class='watupro-question-choice  ' dir='auto' ><input type='radio' name='answer-103[]' id='answer-id-471' class='answer   answerof-103  ' value='471'   \/><label for='answer-id-471' id='answer-label-471' class=' answer'><span>Oui. Une organisation a \u00e9t\u00e9 mise en place sous l'impulsion de collaborateurs ou d'un groupe de travail. \t\t\t\t<\/span><\/label><\/div><div class='watupro-question-choice  ' dir='auto' ><input type='radio' name='answer-103[]' id='answer-id-472' class='answer   answerof-103  ' value='472'   \/><label for='answer-id-472' id='answer-label-472' class=' answer'><span>Oui. La direction a d\u00e9sign\u00e9 un responsable \"d\u00e9veloppement durable\" (chef de projet ou un comit\u00e9 de coordination). Son cahier des charges comprend notamment la d\u00e9termination des objectifs et des actions \u00e0 entreprendre. Les moyens et ressources n\u00e9cessaires sont allou\u00e9s.<\/span><\/label><\/div><div class='watupro-question-choice  ' dir='auto' ><input type='radio' name='answer-103[]' id='answer-id-473' class='answer   answerof-103  ' value='473'   \/><label for='answer-id-473' id='answer-label-473' class=' answer'><span>Oui. La direction a mandat\u00e9 un prestataire externe. Le cahier des charges ou le mandat d\u00e9finit notamment les objectifs, les actions et les moyens qui leurs sont allou\u00e9s.\t\t\t\t<\/span><\/label><\/div><!-- end question-choices--><\/div><p>D\u00e9crivez en quelques mots les mesures introduites.<br>\n \t\t\t<textarea name='feedback-103' rows='3' cols='30' class='watupro-user-feedback' id='watuproUserFeedback103'><\/textarea><\/p><!-- end questionWrap--><\/div><\/div><div class='watu-question ' id='question-3' style=';'><div id='questionWrap-3'  class='  watupro-required-104 watupro-question-id-104'>\n\t\t\t<div class='question-content'><div><span class='watupro_num'>3. <\/span>La direction a-t-elle mis en place un syst\u00e8me de suivi (monitoring) incluant des indicateurs pour mesurer l'impact des actions faites en lien avec les aspects environnementaux et\/ou sociaux ?<br \/>\r\n<br \/>\r\n<strong>Cocher une seule r\u00e9ponse<\/strong><\/div><input type='hidden' name='question_id[]' id='qID_3' value='104' class='watupro-question-id'\/><input type='hidden' id='answerType104' class='answerTypeCnt3' value='radio'><input type='hidden' id='watupro-required-question-104'><!-- end question-content--><\/div><div class='question-choices watupro-choices-columns '  id='questionChoices104'><div class='watupro-question-choice  ' dir='auto' ><input type='radio' name='answer-104[]' id='answer-id-474' class='answer   answerof-104  ' value='474'   \/><label for='answer-id-474' id='answer-label-474' class=' answer'><span>Non.<\/span><\/label><\/div><div class='watupro-question-choice  ' dir='auto' ><input type='radio' name='answer-104[]' id='answer-id-475' class='answer   answerof-104  ' value='475'   \/><label for='answer-id-475' id='answer-label-475' class=' answer'><span>Oui. Mais seulement pour quelques actions.<\/span><\/label><\/div><div class='watupro-question-choice  ' dir='auto' ><input type='radio' name='answer-104[]' id='answer-id-476' class='answer   answerof-104  ' value='476'   \/><label for='answer-id-476' id='answer-label-476' class=' answer'><span>Oui. Un syst\u00e8me de suivi (monitoring) est mis en place pour l'ensemble des actions.<\/span><\/label><\/div><div class='watupro-question-choice  ' dir='auto' ><input type='radio' name='answer-104[]' id='answer-id-477' class='answer   answerof-104  ' value='477'   \/><label for='answer-id-477' id='answer-label-477' class=' answer'><span>Oui. Un syst\u00e8me de suivi (monitoring) est mis en place pour l'ensemble des actions. Il est analys\u00e9 r\u00e9guli\u00e8rement (par exemple une fois par ann\u00e9e) par la direction.<\/span><\/label><\/div><!-- end question-choices--><\/div><p>D\u00e9crivez en quelques mots les mesures introduites.<br>\n \t\t\t<textarea name='feedback-104' rows='3' cols='30' class='watupro-user-feedback' id='watuproUserFeedback104'><\/textarea><\/p><!-- end questionWrap--><\/div><\/div><div class='watu-question ' id='question-4' style=';'><div id='questionWrap-4'  class='  watupro-required-105 watupro-question-id-105'>\n\t\t\t<div class='question-content'><div><span class='watupro_num'>4. <\/span>Votre entreprise communique-t-elle ses engagements et ses r\u00e9sultats en mati\u00e8re de d\u00e9veloppement durable ?<br \/>\r\n<br \/>\r\n<strong>Cocher une seule r\u00e9ponse<\/strong><\/div><input type='hidden' name='question_id[]' id='qID_4' value='105' class='watupro-question-id'\/><input type='hidden' id='answerType105' class='answerTypeCnt4' value='radio'><input type='hidden' id='watupro-required-question-105'><!-- end question-content--><\/div><div class='question-choices watupro-choices-columns '  id='questionChoices105'><div class='watupro-question-choice  ' dir='auto' ><input type='radio' name='answer-105[]' id='answer-id-479' class='answer   answerof-105  ' value='479'   \/><label for='answer-id-479' id='answer-label-479' class=' answer'><span>Non.<\/span><\/label><\/div><div class='watupro-question-choice  ' dir='auto' ><input type='radio' name='answer-105[]' id='answer-id-480' class='answer   answerof-105  ' value='480'   \/><label for='answer-id-480' id='answer-label-480' class=' answer'><span>Oui, en interne seulement.<\/span><\/label><\/div><div class='watupro-question-choice  ' dir='auto' ><input type='radio' name='answer-105[]' id='answer-id-481' class='answer   answerof-105  ' value='481'   \/><label for='answer-id-481' id='answer-label-481' class=' answer'><span>Oui, en externe seulement.<\/span><\/label><\/div><div class='watupro-question-choice  ' dir='auto' ><input type='radio' name='answer-105[]' id='answer-id-482' class='answer   answerof-105  ' value='482'   \/><label for='answer-id-482' id='answer-label-482' class=' answer'><span>Oui, en interne et en externe.<\/span><\/label><\/div><!-- end question-choices--><\/div><p>D\u00e9crivez en quelques mots les mesures introduites.<br>\n \t\t\t<textarea name='feedback-105' rows='3' cols='30' class='watupro-user-feedback' id='watuproUserFeedback105'><\/textarea><\/p><!-- end questionWrap--><\/div><\/div><div class='watu-question ' id='question-5' style=';'><div id='questionWrap-5'  class='  watupro-required-106 watupro-question-id-106'>\n\t\t\t<div class='question-content'><div><span class='watupro_num'>5. <\/span>Votre entreprise s'engage-t-elle pour des achats responsables (achats de produits ou services plus respectueux de l'environnement, fabriqu\u00e9s dans des conditions socialement respectueuses et tenant compte des co\u00fbts du cycle de vie) ?<br \/>\r\n<br \/>\r\n<strong>Cocher une ou plusieurs r\u00e9ponses<\/strong>&nbsp;<\/div><input type='hidden' name='question_id[]' id='qID_5' value='106' class='watupro-question-id'\/><input type='hidden' id='answerType106' class='answerTypeCnt5' value='checkbox'><input type='hidden' id='watupro-required-question-106'><!-- end question-content--><\/div><div class='question-choices watupro-choices-columns '  id='questionChoices106'><div class='watupro-question-choice  ' dir='auto' ><input type='checkbox' name='answer-106[]' id='answer-id-484' class='answer   answerof-106  ' value='484'   \/><label for='answer-id-484' id='answer-label-484' class=' answer'><span>Non.<\/span><\/label><\/div><div class='watupro-question-choice  ' dir='auto' ><input type='checkbox' name='answer-106[]' id='answer-id-485' class='answer   answerof-106  ' value='485'   \/><label for='answer-id-485' id='answer-label-485' class=' answer'><span>Oui. La direction a sign\u00e9 une politique d'achat int\u00e9grant le d\u00e9veloppement durable qui pr\u00e9sente l'engagement et les moyens de mise en \u0153uvre.<\/span><\/label><\/div><div class='watupro-question-choice  ' dir='auto' ><input type='checkbox' name='answer-106[]' id='answer-id-486' class='answer   answerof-106  ' value='486'   \/><label for='answer-id-486' id='answer-label-486' class=' answer'><span>Oui. Notre entreprise a identifi\u00e9 le ou les produits et fournitures qui ont un impact important en termes de d\u00e9veloppement durable (environnement, social, \u00e9conomie).<\/span><\/label><\/div><div class='watupro-question-choice  ' dir='auto' ><input type='checkbox' name='answer-106[]' id='answer-id-487' class='answer   answerof-106  ' value='487'   \/><label for='answer-id-487' id='answer-label-487' class=' answer'><span>Oui. Notre entreprise favorise l'achat de produits et fournitures dont le respect des exigences du d\u00e9veloppement durable (environnement, social, \u00e9conomie) est attest\u00e9 par un label ou une certification.<\/span><\/label><\/div><div class='watupro-question-choice  ' dir='auto' ><input type='checkbox' name='answer-106[]' id='answer-id-488' class='answer   answerof-106  ' value='488'   \/><label for='answer-id-488' id='answer-label-488' class=' answer'><span>Oui. La direction de notre entreprise a sensibilis\u00e9 et\/ou form\u00e9 les responsables des achats aux achats responsables.<\/span><\/label><\/div><!-- end question-choices--><\/div><p>D\u00e9crivez en quelques mots les mesures introduites.<br>\n \t\t\t<textarea name='feedback-106' rows='3' cols='30' class='watupro-user-feedback' id='watuproUserFeedback106'><\/textarea><\/p><!-- end questionWrap--><\/div><\/div><div class='watu-question ' id='question-6' style=';'><div id='questionWrap-6'  class='  watupro-required-107 watupro-question-id-107'>\n\t\t\t<div class='question-content'><div><span class='watupro_num'>6. <\/span>Votre entreprise a-t-elle des exigences en mati\u00e8re de d\u00e9veloppement durable (DD) et\/ou de responsabilit\u00e9 soci\u00e9tale (RSE) vis-\u00e0-vis de ses propres sous-traitants et\/ou ses fournisseurs et\/ou ses partenaires ?<br \/>\r\n<br \/>\r\n<strong>Cocher une ou plusieurs r\u00e9ponses<\/strong><\/div><input type='hidden' name='question_id[]' id='qID_6' value='107' class='watupro-question-id'\/><input type='hidden' id='answerType107' class='answerTypeCnt6' value='checkbox'><input type='hidden' id='watupro-required-question-107'><!-- end question-content--><\/div><div class='question-choices watupro-choices-columns '  id='questionChoices107'><div class='watupro-question-choice  ' dir='auto' ><input type='checkbox' name='answer-107[]' id='answer-id-489' class='answer   answerof-107  ' value='489'   \/><label for='answer-id-489' id='answer-label-489' class=' answer'><span>Non.<\/span><\/label><\/div><div class='watupro-question-choice  ' dir='auto' ><input type='checkbox' name='answer-107[]' id='answer-id-490' class='answer   answerof-107  ' value='490'   \/><label for='answer-id-490' id='answer-label-490' class=' answer'><span>Notre entreprise organise des entretiens r\u00e9guliers avec nos sous-traitants, nos fournisseurs ainsi que nos partenaires pour traiter des questions sur le DD\/RSE.<\/span><\/label><\/div><div class='watupro-question-choice  ' dir='auto' ><input type='checkbox' name='answer-107[]' id='answer-id-491' class='answer   answerof-107  ' value='491'   \/><label for='answer-id-491' id='answer-label-491' class=' answer'><span>Notre entreprise impose \u00e0 nos sous-traitants, nos fournisseurs ainsi qu'\u00e0 nos partenaires une charte\/politique traitant des aspects DD\/RSE.<\/span><\/label><\/div><div class='watupro-question-choice  ' dir='auto' ><input type='checkbox' name='answer-107[]' id='answer-id-492' class='answer   answerof-107  ' value='492'   \/><label for='answer-id-492' id='answer-label-492' class=' answer'><span>Notre entreprise impose \u00e0 nos sous-traitants, nos fournisseurs ainsi qu'\u00e0 nos partenaires un\/des codes de conduites traitant des aspects DD\/RSE.\t\t\t\t<\/span><\/label><\/div><div class='watupro-question-choice  ' dir='auto' ><input type='checkbox' name='answer-107[]' id='answer-id-493' class='answer   answerof-107  ' value='493'   \/><label for='answer-id-493' id='answer-label-493' class=' answer'><span>Notre entreprise v\u00e9rifie, par un organisme interne ou externe, le respect de nos exigences en mati\u00e8re de DD\/RSE aupr\u00e8s de nos sous-traitants, nos fournisseurs ainsi que de nos partenaires.<\/span><\/label><\/div><!-- end question-choices--><\/div><p>D\u00e9crivez en quelques mots les mesures introduites.<br>\n \t\t\t<textarea name='feedback-107' rows='3' cols='30' class='watupro-user-feedback' id='watuproUserFeedback107'><\/textarea><\/p><!-- end questionWrap--><\/div><\/div><\/div> \n\t\t \t<\/div><div id='catDiv2' style='display:none' class='watupro_catpage '><p>Page 2 of 3<\/p><h3>Environnement<\/h3><div class='watupro-rcwrapper'><div class='watu-question ' id='question-7' style=';'><div id='questionWrap-7'  class='  watupro-required-108 watupro-question-id-108'>\n\t\t\t<div class='question-content'><div><span class='watupro_num'>7. <\/span>Votre entreprise a-t-elle pris des dispositions pour garantir la ma\u00eetrise de sa consommation d'\u00e9nergie ?<br \/>\r\n<br \/>\r\n<strong>Cocher une ou plusieurs r\u00e9ponses<\/strong><\/div><input type='hidden' name='question_id[]' id='qID_7' value='108' class='watupro-question-id'\/><input type='hidden' id='answerType108' class='answerTypeCnt7' value='checkbox'><input type='hidden' id='watupro-required-question-108'><!-- end question-content--><\/div><div class='question-choices watupro-choices-columns '  id='questionChoices108'><div class='watupro-question-choice  ' dir='auto' ><input type='checkbox' name='answer-108[]' id='answer-id-494' class='answer   answerof-108  ' value='494'   \/><label for='answer-id-494' id='answer-label-494' class=' answer'><span>Non.<\/span><\/label><\/div><div class='watupro-question-choice  ' dir='auto' ><input type='checkbox' name='answer-108[]' id='answer-id-495' class='answer   answerof-108  ' value='495'   \/><label for='answer-id-495' id='answer-label-495' class=' answer'><span>Oui. Notre entreprise conduit un programme d'optimisation \u00e9nerg\u00e9tique bas\u00e9 sur des objectifs valid\u00e9s par la direction.<\/span><\/label><\/div><div class='watupro-question-choice  ' dir='auto' ><input type='checkbox' name='answer-108[]' id='answer-id-496' class='answer   answerof-108  ' value='496'   \/><label for='answer-id-496' id='answer-label-496' class=' answer'><span>Oui. La direction a d\u00e9sign\u00e9 un responsable \"\u00e9nergie\". Son cahier des charges comprend notamment la d\u00e9termination des objectifs et des actions \u00e0 entreprendre<\/span><\/label><\/div><div class='watupro-question-choice  ' dir='auto' ><input type='checkbox' name='answer-108[]' id='answer-id-497' class='answer   answerof-108  ' value='497'   \/><label for='answer-id-497' id='answer-label-497' class=' answer'><span>Oui. Un programme de sensibilisation des collaborateurs est d\u00e9ploy\u00e9 (il comprend au moins deux actions de sensibilisation et un calendrier de mise en \u0153uvre).<\/span><\/label><\/div><div class='watupro-question-choice  ' dir='auto' ><input type='checkbox' name='answer-108[]' id='answer-id-498' class='answer   answerof-108  ' value='498'   \/><label for='answer-id-498' id='answer-label-498' class=' answer'><span>Oui. Notre entreprise proc\u00e8de au suivi analytique de sa consommation \u00e9nerg\u00e9tique et dispose d'un plan de comptage des \u00e9nergies (examen et analyse de la consommation \u00e9nerg\u00e9tique ayant pour objectif d'identifier les flux \u00e9nerg\u00e9tiques et les potentiels d'am\u00e9lioration, de d\u00e9finir des indicateurs de performance \u00e9nerg\u00e9tique, de mettre en place de l'instrumentation n\u00e9cessaire \u00e0 un suivi adapt\u00e9 \u00e0 la taille et \u00e0 la complexit\u00e9 de l'organisme et de suivre et analyser p\u00e9riodiquement les consommations et les indicateurs).<\/span><\/label><\/div><!-- end question-choices--><\/div><p>D\u00e9crivez en quelques mots les mesures introduites.<br>\n \t\t\t<textarea name='feedback-108' rows='3' cols='30' class='watupro-user-feedback' id='watuproUserFeedback108'><\/textarea><\/p><!-- end questionWrap--><\/div><\/div><div class='watu-question ' id='question-8' style=';'><div id='questionWrap-8'  class='  watupro-required-109 watupro-question-id-109'>\n\t\t\t<div class='question-content'><div><span class='watupro_num'>8. <\/span><p class=\"p1\">Votre entreprise a-t-elle pris des dispositions pour r\u00e9duire et valoriser les d\u00e9chets g\u00e9n\u00e9r\u00e9s par ses propres activit\u00e9s ?<\/p><strong>Cocher une ou plusieurs r\u00e9ponses<\/strong><\/div><input type='hidden' name='question_id[]' id='qID_8' value='109' class='watupro-question-id'\/><input type='hidden' id='answerType109' class='answerTypeCnt8' value='checkbox'><input type='hidden' id='watupro-required-question-109'><!-- end question-content--><\/div><div class='question-choices watupro-choices-columns '  id='questionChoices109'><div class='watupro-question-choice  ' dir='auto' ><input type='checkbox' name='answer-109[]' id='answer-id-499' class='answer   answerof-109  ' value='499'   \/><label for='answer-id-499' id='answer-label-499' class=' answer'><span>Non.<\/span><\/label><\/div><div class='watupro-question-choice  ' dir='auto' ><input type='checkbox' name='answer-109[]' id='answer-id-500' class='answer   answerof-109  ' value='500'   \/><label for='answer-id-500' id='answer-label-500' class=' answer'><span>Oui. Notre entreprise s'est engag\u00e9e \u00e0 r\u00e9duire la production de ses propres d\u00e9chets \u00e0 la source et \u00e9conomiser les mati\u00e8res premi\u00e8res\r\nOui. Notre entreprise s'est engag\u00e9e \u00e0 r\u00e9duire la production de ses propres d\u00e9chets \u00e0 la source et \u00e9conomiser les mati\u00e8res premi\u00e8res (choix de mat\u00e9riaux recyclables non polluants, choix de produits \u00e0 emballage limit\u00e9, \u00e9co conception des produits et des prestations, etc.).<\/span><\/label><\/div><div class='watupro-question-choice  ' dir='auto' ><input type='checkbox' name='answer-109[]' id='answer-id-501' class='answer   answerof-109  ' value='501'   \/><label for='answer-id-501' id='answer-label-501' class=' answer'><span>Oui. Notre entreprise s'est engag\u00e9e \u00e0  r\u00e9utiliser ou r\u00e9employer les produits utilis\u00e9s dans ses propres activit\u00e9s en prolongeant leur dur\u00e9e de vie en les r\u00e9parant ou en leur affectant un nouvel usage.<\/span><\/label><\/div><div class='watupro-question-choice  ' dir='auto' ><input type='checkbox' name='answer-109[]' id='answer-id-502' class='answer   answerof-109  ' value='502'   \/><label for='answer-id-502' id='answer-label-502' class=' answer'><span>Oui. Notre entreprise s'est engag\u00e9e \u00e0 recycler ses propres d\u00e9chets (papiers, cartons, mati\u00e8res plastiques, d\u00e9chets verts, etc.) en instaurant un tri s\u00e9lectif des d\u00e9chets, et une ou des fili\u00e8res de recyclage au sein de l'entreprise.<\/span><\/label><\/div><div class='watupro-question-choice  ' dir='auto' ><input type='checkbox' name='answer-109[]' id='answer-id-503' class='answer   answerof-109  ' value='503'   \/><label for='answer-id-503' id='answer-label-503' class=' answer'><span>Oui. Notre entreprise a d\u00e9ploy\u00e9 un programme de sensibilisation des collaborateurs visant la r\u00e9duction, la r\u00e9utilisation et le recyclage des d\u00e9chets g\u00e9n\u00e9r\u00e9s par ses activit\u00e9s (il comprend au moins deux actions de sensibilisation et un calendrier de mise en \u0153uvre).\t\t\t\t<\/span><\/label><\/div><!-- end question-choices--><\/div><p>D\u00e9crivez en quelques mots les mesures introduites.<br>\n \t\t\t<textarea name='feedback-109' rows='3' cols='30' class='watupro-user-feedback' id='watuproUserFeedback109'><\/textarea><\/p><!-- end questionWrap--><\/div><\/div><div class='watu-question ' id='question-9' style=';'><div id='questionWrap-9'  class='  watupro-required-110 watupro-question-id-110'>\n\t\t\t<div class='question-content'><div><span class='watupro_num'>9. <\/span><p class=\"p1\">Votre entreprise a-t-elle mis en place des mesures pour rationaliser l'usage des v\u00e9hicules motoris\u00e9s pour le personnel et\/ou les visiteurs de l'entreprise (plan de mobilit\u00e9) ?<\/p><strong>Cocher une seule r\u00e9ponse<\/strong><\/div><input type='hidden' name='question_id[]' id='qID_9' value='110' class='watupro-question-id'\/><input type='hidden' id='answerType110' class='answerTypeCnt9' value='radio'><input type='hidden' id='watupro-required-question-110'><!-- end question-content--><\/div><div class='question-choices watupro-choices-columns '  id='questionChoices110'><div class='watupro-question-choice  ' dir='auto' ><input type='radio' name='answer-110[]' id='answer-id-504' class='answer   answerof-110  ' value='504'   \/><label for='answer-id-504' id='answer-label-504' class=' answer'><span>Non.<\/span><\/label><\/div><div class='watupro-question-choice  ' dir='auto' ><input type='radio' name='answer-110[]' id='answer-id-505' class='answer   answerof-110  ' value='505'   \/><label for='answer-id-505' id='answer-label-505' class=' answer'><span>Non. Mais un plan de mobilit\u00e9 est en cours d'\u00e9laboration.<\/span><\/label><\/div><div class='watupro-question-choice  ' dir='auto' ><input type='radio' name='answer-110[]' id='answer-id-506' class='answer   answerof-110  ' value='506'   \/><label for='answer-id-506' id='answer-label-506' class=' answer'><span>Oui. La direction a pris des mesures (par ex. participation \u00e0 l'achat d'abonnement de transports publics, nouvelle politique d'attribution des places de parc, etc.) sans pour autant avoir d\u00e9fini et mis en \u0153uvre un plan de mobilit\u00e9.<\/span><\/label><\/div><div class='watupro-question-choice  ' dir='auto' ><input type='radio' name='answer-110[]' id='answer-id-507' class='answer   answerof-110  ' value='507'   \/><label for='answer-id-507' id='answer-label-507' class=' answer'><span>Oui. La direction a d\u00e9fini et mis en place un plan de mobilit\u00e9 comportant un panel de mesures compl\u00e9mentaires et elle a d\u00e9sign\u00e9 un responsable de ce plan (soit en interne, soit en externe sous la forme d'un mandat).<\/span><\/label><\/div><!-- end question-choices--><\/div><p>D\u00e9crivez en quelques mots les mesures introduites.<br>\n \t\t\t<textarea name='feedback-110' rows='3' cols='30' class='watupro-user-feedback' id='watuproUserFeedback110'><\/textarea><\/p><!-- end questionWrap--><\/div><\/div><\/div> \n\t\t \t<\/div><div id='catDiv3' style='display:none' class='watupro_catpage '><p>Page 3 of 3<\/p><h3>Soci\u00e9t\u00e9<\/h3><div class='watupro-rcwrapper'><div class='watu-question ' id='question-10' style=';'><div id='questionWrap-10'  class='  watupro-required-111 watupro-question-id-111'>\n\t\t\t<div class='question-content'><div><span class='watupro_num'>10. <\/span><p class=\"p1\">Votre entreprise a-t-elle pris des dispositions pour am\u00e9liorer son attractivit\u00e9 en tant qu'employeur ?<\/p><strong>Cocher une ou plusieurs r\u00e9ponses<\/strong><\/div><input type='hidden' name='question_id[]' id='qID_10' value='111' class='watupro-question-id'\/><input type='hidden' id='answerType111' class='answerTypeCnt10' value='checkbox'><input type='hidden' id='watupro-required-question-111'><!-- end question-content--><\/div><div class='question-choices watupro-choices-columns '  id='questionChoices111'><div class='watupro-question-choice  ' dir='auto' ><input type='checkbox' name='answer-111[]' id='answer-id-508' class='answer   answerof-111  ' value='508'   \/><label for='answer-id-508' id='answer-label-508' class=' answer'><span>Non.<\/span><\/label><\/div><div class='watupro-question-choice  ' dir='auto' ><input type='checkbox' name='answer-111[]' id='answer-id-509' class='answer   answerof-111  ' value='509'   \/><label for='answer-id-509' id='answer-label-509' class=' answer'><span>Oui. Notre entreprise offre des prestations sociales (LPP, pr\u00e9-retraite, perte de gain, assurances compl\u00e9mentaires, etc.) allant au-del\u00e0 du cadre l\u00e9gal.<\/span><\/label><\/div><div class='watupro-question-choice  ' dir='auto' ><input type='checkbox' name='answer-111[]' id='answer-id-510' class='answer   answerof-111  ' value='510'   \/><label for='answer-id-510' id='answer-label-510' class=' answer'><span>Oui. Notre entreprise offre des cong\u00e9s pay\u00e9s qui vont au-del\u00e0 du cadre l\u00e9gal (cong\u00e9s paternit\u00e9, pour enfants malades, pour les proches aidants, etc.).<\/span><\/label><\/div><div class='watupro-question-choice  ' dir='auto' ><input type='checkbox' name='answer-111[]' id='answer-id-511' class='answer   answerof-111  ' value='511'   \/><label for='answer-id-511' id='answer-label-511' class=' answer'><span>Oui. Notre entreprise offre des possibilit\u00e9s portant sur l'organisation\/flexibilit\u00e9 du temps de travail (par exemple travail \u00e0 temps partiel, annualisation du temps de travail, job sharing, t\u00e9l\u00e9 travail, etc.).<\/span><\/label><\/div><div class='watupro-question-choice  ' dir='auto' ><input type='checkbox' name='answer-111[]' id='answer-id-512' class='answer   answerof-111  ' value='512'   \/><label for='answer-id-512' id='answer-label-512' class=' answer'><span>Oui. Notre entreprise offre des possibilit\u00e9s de prendre des cong\u00e9s non pay\u00e9s pour des besoins familiaux ou pour des activit\u00e9s b\u00e9n\u00e9voles.<\/span><\/label><\/div><div class='watupro-question-choice  ' dir='auto' ><input type='checkbox' name='answer-111[]' id='answer-id-513' class='answer   answerof-111  ' value='513'   \/><label for='answer-id-513' id='answer-label-513' class=' answer'><span>Oui. Notre entreprise offre des possibilit\u00e9s de formation continue ou des places de stage.<\/span><\/label><\/div><!-- end question-choices--><\/div><p>D\u00e9crivez en quelques mots les mesures introduites.<br>\n \t\t\t<textarea name='feedback-111' rows='3' cols='30' class='watupro-user-feedback' id='watuproUserFeedback111'><\/textarea><\/p><!-- end questionWrap--><\/div><\/div><div class='watu-question ' id='question-11' style=';'><div id='questionWrap-11'  class='  watupro-required-112 watupro-question-id-112'>\n\t\t\t<div class='question-content'><div><span class='watupro_num'>11. <\/span><p class=\"p1\">Votre entreprise a-t-elle pris des dispositions en faveur de l'insertion et de la r\u00e9insertion professionnelles ?<\/p><strong>Cocher une ou plusieurs r\u00e9ponses<\/strong><\/div><input type='hidden' name='question_id[]' id='qID_11' value='112' class='watupro-question-id'\/><input type='hidden' id='answerType112' class='answerTypeCnt11' value='checkbox'><input type='hidden' id='watupro-required-question-112'><!-- end question-content--><\/div><div class='question-choices watupro-choices-columns '  id='questionChoices112'><div class='watupro-question-choice  ' dir='auto' ><input type='checkbox' name='answer-112[]' id='answer-id-514' class='answer   answerof-112  ' value='514'   \/><label for='answer-id-514' id='answer-label-514' class=' answer'><span>Non.<\/span><\/label><\/div><div class='watupro-question-choice  ' dir='auto' ><input type='checkbox' name='answer-112[]' id='answer-id-515' class='answer   answerof-112  ' value='515'   \/><label for='answer-id-515' id='answer-label-515' class=' answer'><span>Oui. Notre entreprise favorise l'insertion et la r\u00e9insertion professionnelle des personnes qui sont au b\u00e9n\u00e9fice d'indemnit\u00e9s ch\u00f4mage ou du revenu d'insertion.<\/span><\/label><\/div><div class='watupro-question-choice  ' dir='auto' ><input type='checkbox' name='answer-112[]' id='answer-id-516' class='answer   answerof-112  ' value='516'   \/><label for='answer-id-516' id='answer-label-516' class=' answer'><span>Oui. Notre entreprise favorise la r\u00e9insertion professionnelle de ses propres collaborateurs, par exemple apr\u00e8s un cong\u00e9 maladie ou un accident.<\/span><\/label><\/div><div class='watupro-question-choice  ' dir='auto' ><input type='checkbox' name='answer-112[]' id='answer-id-517' class='answer   answerof-112  ' value='517'   \/><label for='answer-id-517' id='answer-label-517' class=' answer'><span>Oui. Notre entreprise favorise l'insertion et la r\u00e9insertion professionnelle des personnes en situation de handicap.<\/span><\/label><\/div><div class='watupro-question-choice  ' dir='auto' ><input type='checkbox' name='answer-112[]' id='answer-id-518' class='answer   answerof-112  ' value='518'   \/><label for='answer-id-518' id='answer-label-518' class=' answer'><span>Oui. Notre entreprise favorise l'insertion et la r\u00e9insertion des jeunes adultes en difficult\u00e9 (en participant au programme FORJAD par exemple).<\/span><\/label><\/div><div class='watupro-question-choice  ' dir='auto' ><input type='checkbox' name='answer-112[]' id='answer-id-519' class='answer   answerof-112  ' value='519'   \/><label for='answer-id-519' id='answer-label-519' class=' answer'><span>Oui. Notre entreprise travaille et\/ou sollicite des organismes favorisant l'insertion et\/ou la r\u00e9insertion professionnelle (ORIF, etc.).<\/span><\/label><\/div><!-- end question-choices--><\/div><p>D\u00e9crivez en quelques mots les mesures introduites.<br>\n \t\t\t<textarea name='feedback-112' rows='3' cols='30' class='watupro-user-feedback' id='watuproUserFeedback112'><\/textarea><\/p><!-- end questionWrap--><\/div><\/div><div class='watu-question ' id='question-12' style=';'><div id='questionWrap-12'  class='  watupro-required-113 watupro-question-id-113'>\n\t\t\t<div class='question-content'><div><span class='watupro_num'>12. <\/span><p class=\"p1\">Votre entreprise prend-elle des mesures pour pr\u00e9server et am\u00e9liorer la sant\u00e9 et la s\u00e9curit\u00e9 de ses collaborateurs (qui vont au-del\u00e0 des obligations l\u00e9gales d\u00e9finies par les MSST) ?<\/p><strong>Cocher une ou plusieurs r\u00e9ponses<\/strong><\/div><input type='hidden' name='question_id[]' id='qID_12' value='113' class='watupro-question-id'\/><input type='hidden' id='answerType113' class='answerTypeCnt12' value='checkbox'><input type='hidden' id='watupro-required-question-113'><!-- end question-content--><\/div><div class='question-choices watupro-choices-columns '  id='questionChoices113'><div class='watupro-question-choice  ' dir='auto' ><input type='checkbox' name='answer-113[]' id='answer-id-520' class='answer   answerof-113  ' value='520'   \/><label for='answer-id-520' id='answer-label-520' class=' answer'><span>Non.<\/span><\/label><\/div><div class='watupro-question-choice  ' dir='auto' ><input type='checkbox' name='answer-113[]' id='answer-id-521' class='answer   answerof-113  ' value='521'   \/><label for='answer-id-521' id='answer-label-521' class=' answer'><span>Oui. Notre entreprise participe \u00e0 des campagnes de pr\u00e9vention (par exemple contre les d\u00e9pendances ou pour favoriser le mouvement : \u00e7a marche, Bike to work, etc.).<\/span><\/label><\/div><div class='watupro-question-choice  ' dir='auto' ><input type='checkbox' name='answer-113[]' id='answer-id-522' class='answer   answerof-113  ' value='522'   \/><label for='answer-id-522' id='answer-label-522' class=' answer'><span>Oui. Notre entreprise favorise une alimentation saine au travail (par exemple en mettant \u00e0 disposition une corbeille de fruits, en installant une fontaine \u00e0 eau branch\u00e9e sur le r\u00e9seau, etc.).<\/span><\/label><\/div><div class='watupro-question-choice  ' dir='auto' ><input type='checkbox' name='answer-113[]' id='answer-id-523' class='answer   answerof-113  ' value='523'   \/><label for='answer-id-523' id='answer-label-523' class=' answer'><span>Oui. Notre entreprise propose un dispositif de pr\u00e9vention et d'aide \u00e0 la r\u00e9solution de situations conflictuelles (ex. m\u00e9diation, prestations de conseil). En cas de difficult\u00e9s relationnelles au travail, les collaborateurs peuvent y recourir de mani\u00e8re confidentielle et rapide. <\/span><\/label><\/div><div class='watupro-question-choice  ' dir='auto' ><input type='checkbox' name='answer-113[]' id='answer-id-524' class='answer   answerof-113  ' value='524'   \/><label for='answer-id-524' id='answer-label-524' class=' answer'><span>Oui. Notre entreprise prend des mesures pour rendre les postes de travail ergonomiques.<\/span><\/label><\/div><!-- end question-choices--><\/div><p>D\u00e9crivez en quelques mots les mesures introduites.<br>\n \t\t\t<textarea name='feedback-113' rows='3' cols='30' class='watupro-user-feedback' id='watuproUserFeedback113'><\/textarea><\/p><!-- end questionWrap--><\/div><\/div><\/div><\/div><div style='display:none' id='question-13'>\n\t<div class='question-content'>\n\t\t<img decoding=\"async\" src=\"https:\/\/www.monentreprisedurable.ch\/wp-content\/plugins\/watupro\/img\/loading.gif\" width=\"16\" height=\"16\" alt=\"Loading...\" title=\"Loading...\" \/>&nbsp;Loading...\t<\/div>\n<\/div>\n\n<br \/>\n\t\n\t\t\t<div class=\"watupro_buttons flex \" id=\"watuPROButtons5\" >\n\t\t  <div id=\"prev-question\" style=\"display:none;\"><input type=\"button\" value=\"&lt; Pr\u00e9c\u00e9dent\" onclick=\"WatuPRO.nextQuestion(event, 'previous');\"\/><\/div>\t\t  \t\t  \t\t   \n\t\t   \t  \t<div style=\"display:none;\" id=\"watuproPrevCatButton\"><input type=\"button\" onclick=\"WatuPRO.nextCategory(3, false);\" value=\"Page pr\u00e9c\u00e9dente\"><\/div><div id=\"watuproNextCatButton\"><input type=\"button\" onclick=\"WatuPRO.nextCategory(3, true);\" value=\"Page suivante\"><\/div> \n\t  \t  \t\t<div><input type=\"button\" name=\"action\" class=\"watupro-submit-button\" onclick=\"WatuPRO.submitResult(event)\" id=\"action-button\" value=\"Voir les r\u00e9sultats\" style='display:none;' \/>\n\t\t<\/div>\n\t\t<\/div>\n\t\t\n\t<input type=\"hidden\" name=\"quiz_id\" value=\"5\" id=\"watuPROExamID\"\/>\n\t<input type=\"hidden\" name=\"start_time\" id=\"startTime\" value=\"2026-04-30 07:21:20\" \/>\n\t<input type=\"hidden\" name=\"start_timestamp\" id=\"startTimeStamp\" value=\"1777533680\" \/>\n\t<input type=\"hidden\" name=\"question_ids\" value=\"\" \/>\n\t<input type=\"hidden\" name=\"watupro_questions\" value=\"102:466,467,468,469 | 103:470,471,472,473 | 104:474,475,476,477 | 105:479,480,481,482 | 106:484,485,486,487,488 | 107:489,490,491,492,493 | 108:494,495,496,497,498 | 109:499,500,501,502,503 | 110:504,505,506,507 | 111:508,509,510,511,512,513 | 112:514,515,516,517,518,519 | 113:520,521,522,523,524\" \/>\n\t<input type=\"hidden\" name=\"no_ajax\" value=\"0\">\t\t\t<\/form>\n\t<p>&nbsp;<\/p>\n<\/div>\n\n<script type=\"text\/javascript\">\n\/\/jQuery(document).ready(function(){\ndocument.addEventListener(\"DOMContentLoaded\", function(event) { \t\nvar question_ids = \"102,103,104,105,106,107,108,109,110,111,112,113\";\nWatuPROSettings[5] = {};\nWatuPRO.qArr = question_ids.split(',');\nWatuPRO.exam_id = 5;\t    \nWatuPRO.post_id = 23033;\nWatuPRO.store_progress = 1;\nWatuPRO.curCatPage = 1;\nWatuPRO.requiredIDs=\"0,102,103,104,105,106,107,108,109,110,111,112,113\".split(\",\");\nWatuPRO.hAppID = \"0.96070700 1777530080\";\nvar url = \"https:\/\/www.monentreprisedurable.ch\/wp-content\/plugins\/watupro\/show_exam.php\";\nWatuPRO.examMode = 2;\nWatuPRO.numCats =3;\nWatuPRO.siteURL=\"https:\/\/www.monentreprisedurable.ch\/wp-admin\/admin-ajax.php\";\nWatuPRO.emailIsNotRequired = 1;\nWatuPRO.perDecade = 10;\nWatuPRO.inCategoryPages=1;});    \t \n<\/script>\n<\/div>\n\t\t\t\t\t\t<\/div>\n\t\t\t\t<\/div>\n\t\t\t\t<\/div>\n\t\t\t\t<\/div>\n\t\t\t\t<\/div>\n\t\t","protected":false},"excerpt":{"rendered":"<p>Self-diagnosis of public procurement in French-speaking Switzerland<\/p>\n","protected":false},"author":13,"featured_media":0,"parent":0,"menu_order":0,"comment_status":"closed","ping_status":"closed","template":"","meta":{"site-sidebar-layout":"no-sidebar","site-content-layout":"page-builder","ast-site-content-layout":"full-width-container","site-content-style":"default","site-sidebar-style":"default","ast-global-header-display":"","ast-banner-title-visibility":"","ast-main-header-display":"","ast-hfb-above-header-display":"","ast-hfb-below-header-display":"","ast-hfb-mobile-header-display":"","site-post-title":"disabled","ast-breadcrumbs-content":"","ast-featured-img":"disabled","footer-sml-layout":"","ast-disable-related-posts":"","theme-transparent-header-meta":"","adv-header-id-meta":"","stick-header-meta":"","header-above-stick-meta":"","header-main-stick-meta":"","header-below-stick-meta":"","astra-migrate-meta-layouts":"default","ast-page-background-enabled":"default","ast-page-background-meta":{"desktop":{"background-color":"","background-image":"","background-repeat":"repeat","background-position":"center center","background-size":"auto","background-attachment":"scroll","background-type":"","background-media":"","overlay-type":"","overlay-color":"","overlay-opacity":"","overlay-gradient":""},"tablet":{"background-color":"","background-image":"","background-repeat":"repeat","background-position":"center center","background-size":"auto","background-attachment":"scroll","background-type":"","background-media":"","overlay-type":"","overlay-color":"","overlay-opacity":"","overlay-gradient":""},"mobile":{"background-color":"","background-image":"","background-repeat":"repeat","background-position":"center center","background-size":"auto","background-attachment":"scroll","background-type":"","background-media":"","overlay-type":"","overlay-color":"","overlay-opacity":"","overlay-gradient":""}},"ast-content-background-meta":{"desktop":{"background-color":"var(--ast-global-color-5)","background-image":"","background-repeat":"repeat","background-position":"center center","background-size":"auto","background-attachment":"scroll","background-type":"","background-media":"","overlay-type":"","overlay-color":"","overlay-opacity":"","overlay-gradient":""},"tablet":{"background-color":"var(--ast-global-color-5)","background-image":"","background-repeat":"repeat","background-position":"center center","background-size":"auto","background-attachment":"scroll","background-type":"","background-media":"","overlay-type":"","overlay-color":"","overlay-opacity":"","overlay-gradient":""},"mobile":{"background-color":"var(--ast-global-color-5)","background-image":"","background-repeat":"repeat","background-position":"center center","background-size":"auto","background-attachment":"scroll","background-type":"","background-media":"","overlay-type":"","overlay-color":"","overlay-opacity":"","overlay-gradient":""}},"footnotes":""},"class_list":["post-23033","page","type-page","status-publish","hentry"],"yoast_head":"<!-- This site is optimized with the Yoast SEO plugin v27.5 - https:\/\/yoast.com\/product\/yoast-seo-wordpress\/ -->\n<title>Self-diagnosis of public procurement in French-speaking Switzerland - Mon Entreprise Durable par Coptain<\/title>\n<meta name=\"description\" content=\"Welcome to the self-diagnostic specially created for a workshop in 2025. Take the test and get your results!\" \/>\n<meta name=\"robots\" content=\"index, follow, max-snippet:-1, max-image-preview:large, max-video-preview:-1\" \/>\n<link rel=\"canonical\" href=\"https:\/\/www.monentreprisedurable.ch\/en\/csr-self-diagnosis-workshop-2\/\" \/>\n<meta property=\"og:locale\" content=\"en_US\" \/>\n<meta property=\"og:type\" content=\"article\" \/>\n<meta property=\"og:title\" content=\"Self-diagnosis of public procurement in French-speaking Switzerland - Mon Entreprise Durable par Coptain\" \/>\n<meta property=\"og:description\" content=\"Welcome to the self-diagnostic specially created for a workshop in 2025. Take the test and get your results!\" \/>\n<meta property=\"og:url\" content=\"https:\/\/www.monentreprisedurable.ch\/en\/csr-self-diagnosis-workshop-2\/\" \/>\n<meta property=\"og:site_name\" content=\"Mon Entreprise Durable par Coptain\" \/>\n<meta property=\"article:modified_time\" content=\"2025-03-25T10:12:53+00:00\" \/>\n<meta name=\"twitter:card\" content=\"summary_large_image\" \/>\n<script type=\"application\/ld+json\" class=\"yoast-schema-graph\">{\"@context\":\"https:\\\/\\\/schema.org\",\"@graph\":[{\"@type\":\"WebPage\",\"@id\":\"https:\\\/\\\/www.monentreprisedurable.ch\\\/en\\\/csr-self-diagnosis-workshop-2\\\/\",\"url\":\"https:\\\/\\\/www.monentreprisedurable.ch\\\/en\\\/csr-self-diagnosis-workshop-2\\\/\",\"name\":\"Self-diagnosis of public procurement in French-speaking Switzerland - Mon Entreprise Durable par Coptain\",\"isPartOf\":{\"@id\":\"https:\\\/\\\/www.monentreprisedurable.ch\\\/en\\\/#website\"},\"datePublished\":\"2025-03-20T10:17:43+00:00\",\"dateModified\":\"2025-03-25T10:12:53+00:00\",\"description\":\"Welcome to the self-diagnostic specially created for a workshop in 2025. Take the test and get your results!\",\"breadcrumb\":{\"@id\":\"https:\\\/\\\/www.monentreprisedurable.ch\\\/en\\\/csr-self-diagnosis-workshop-2\\\/#breadcrumb\"},\"inLanguage\":\"en-US\",\"potentialAction\":[{\"@type\":\"ReadAction\",\"target\":[\"https:\\\/\\\/www.monentreprisedurable.ch\\\/en\\\/csr-self-diagnosis-workshop-2\\\/\"]}]},{\"@type\":\"BreadcrumbList\",\"@id\":\"https:\\\/\\\/www.monentreprisedurable.ch\\\/en\\\/csr-self-diagnosis-workshop-2\\\/#breadcrumb\",\"itemListElement\":[{\"@type\":\"ListItem\",\"position\":1,\"name\":\"Home\",\"item\":\"https:\\\/\\\/www.monentreprisedurable.ch\\\/en\\\/home-new-page\\\/\"},{\"@type\":\"ListItem\",\"position\":2,\"name\":\"Self-diagnosis of public procurement in French-speaking Switzerland\"}]},{\"@type\":\"WebSite\",\"@id\":\"https:\\\/\\\/www.monentreprisedurable.ch\\\/en\\\/#website\",\"url\":\"https:\\\/\\\/www.monentreprisedurable.ch\\\/en\\\/\",\"name\":\"Mon Entreprise Durable par Coptain\",\"description\":\"Nous vous accompagnons vers la durabilit\u00e9\",\"publisher\":{\"@id\":\"https:\\\/\\\/www.monentreprisedurable.ch\\\/en\\\/#organization\"},\"potentialAction\":[{\"@type\":\"SearchAction\",\"target\":{\"@type\":\"EntryPoint\",\"urlTemplate\":\"https:\\\/\\\/www.monentreprisedurable.ch\\\/en\\\/?s={search_term_string}\"},\"query-input\":{\"@type\":\"PropertyValueSpecification\",\"valueRequired\":true,\"valueName\":\"search_term_string\"}}],\"inLanguage\":\"en-US\"},{\"@type\":\"Organization\",\"@id\":\"https:\\\/\\\/www.monentreprisedurable.ch\\\/en\\\/#organization\",\"name\":\"Mon Entreprise Durable\",\"url\":\"https:\\\/\\\/www.monentreprisedurable.ch\\\/en\\\/\",\"logo\":{\"@type\":\"ImageObject\",\"inLanguage\":\"en-US\",\"@id\":\"https:\\\/\\\/www.monentreprisedurable.ch\\\/en\\\/#\\\/schema\\\/logo\\\/image\\\/\",\"url\":\"https:\\\/\\\/www.monentreprisedurable.ch\\\/wp-content\\\/uploads\\\/2020\\\/02\\\/Logo-MED-2lignes-e1652710055906.png\",\"contentUrl\":\"https:\\\/\\\/www.monentreprisedurable.ch\\\/wp-content\\\/uploads\\\/2020\\\/02\\\/Logo-MED-2lignes-e1652710055906.png\",\"width\":300,\"height\":120,\"caption\":\"Mon Entreprise Durable\"},\"image\":{\"@id\":\"https:\\\/\\\/www.monentreprisedurable.ch\\\/en\\\/#\\\/schema\\\/logo\\\/image\\\/\"},\"sameAs\":[\"https:\\\/\\\/www.linkedin.com\\\/company\\\/mon-entreprise-durable\\\/\"]}]}<\/script>\n<!-- \/ Yoast SEO plugin. -->","yoast_head_json":{"title":"Self-diagnosis of public procurement in French-speaking Switzerland - Mon Entreprise Durable par Coptain","description":"Welcome to the self-diagnostic specially created for a workshop in 2025. Take the test and get your results!","robots":{"index":"index","follow":"follow","max-snippet":"max-snippet:-1","max-image-preview":"max-image-preview:large","max-video-preview":"max-video-preview:-1"},"canonical":"https:\/\/www.monentreprisedurable.ch\/en\/csr-self-diagnosis-workshop-2\/","og_locale":"en_US","og_type":"article","og_title":"Self-diagnosis of public procurement in French-speaking Switzerland - Mon Entreprise Durable par Coptain","og_description":"Welcome to the self-diagnostic specially created for a workshop in 2025. Take the test and get your results!","og_url":"https:\/\/www.monentreprisedurable.ch\/en\/csr-self-diagnosis-workshop-2\/","og_site_name":"Mon Entreprise Durable par Coptain","article_modified_time":"2025-03-25T10:12:53+00:00","twitter_card":"summary_large_image","schema":{"@context":"https:\/\/schema.org","@graph":[{"@type":"WebPage","@id":"https:\/\/www.monentreprisedurable.ch\/en\/csr-self-diagnosis-workshop-2\/","url":"https:\/\/www.monentreprisedurable.ch\/en\/csr-self-diagnosis-workshop-2\/","name":"Self-diagnosis of public procurement in French-speaking Switzerland - Mon Entreprise Durable par Coptain","isPartOf":{"@id":"https:\/\/www.monentreprisedurable.ch\/en\/#website"},"datePublished":"2025-03-20T10:17:43+00:00","dateModified":"2025-03-25T10:12:53+00:00","description":"Welcome to the self-diagnostic specially created for a workshop in 2025. Take the test and get your results!","breadcrumb":{"@id":"https:\/\/www.monentreprisedurable.ch\/en\/csr-self-diagnosis-workshop-2\/#breadcrumb"},"inLanguage":"en-US","potentialAction":[{"@type":"ReadAction","target":["https:\/\/www.monentreprisedurable.ch\/en\/csr-self-diagnosis-workshop-2\/"]}]},{"@type":"BreadcrumbList","@id":"https:\/\/www.monentreprisedurable.ch\/en\/csr-self-diagnosis-workshop-2\/#breadcrumb","itemListElement":[{"@type":"ListItem","position":1,"name":"Home","item":"https:\/\/www.monentreprisedurable.ch\/en\/home-new-page\/"},{"@type":"ListItem","position":2,"name":"Self-diagnosis of public procurement in French-speaking Switzerland"}]},{"@type":"WebSite","@id":"https:\/\/www.monentreprisedurable.ch\/en\/#website","url":"https:\/\/www.monentreprisedurable.ch\/en\/","name":"Mon Entreprise Durable par Coptain","description":"Nous vous accompagnons vers la durabilit\u00e9","publisher":{"@id":"https:\/\/www.monentreprisedurable.ch\/en\/#organization"},"potentialAction":[{"@type":"SearchAction","target":{"@type":"EntryPoint","urlTemplate":"https:\/\/www.monentreprisedurable.ch\/en\/?s={search_term_string}"},"query-input":{"@type":"PropertyValueSpecification","valueRequired":true,"valueName":"search_term_string"}}],"inLanguage":"en-US"},{"@type":"Organization","@id":"https:\/\/www.monentreprisedurable.ch\/en\/#organization","name":"Mon Entreprise Durable","url":"https:\/\/www.monentreprisedurable.ch\/en\/","logo":{"@type":"ImageObject","inLanguage":"en-US","@id":"https:\/\/www.monentreprisedurable.ch\/en\/#\/schema\/logo\/image\/","url":"https:\/\/www.monentreprisedurable.ch\/wp-content\/uploads\/2020\/02\/Logo-MED-2lignes-e1652710055906.png","contentUrl":"https:\/\/www.monentreprisedurable.ch\/wp-content\/uploads\/2020\/02\/Logo-MED-2lignes-e1652710055906.png","width":300,"height":120,"caption":"Mon Entreprise Durable"},"image":{"@id":"https:\/\/www.monentreprisedurable.ch\/en\/#\/schema\/logo\/image\/"},"sameAs":["https:\/\/www.linkedin.com\/company\/mon-entreprise-durable\/"]}]}},"_links":{"self":[{"href":"https:\/\/www.monentreprisedurable.ch\/en\/wp-json\/wp\/v2\/pages\/23033","targetHints":{"allow":["GET"]}}],"collection":[{"href":"https:\/\/www.monentreprisedurable.ch\/en\/wp-json\/wp\/v2\/pages"}],"about":[{"href":"https:\/\/www.monentreprisedurable.ch\/en\/wp-json\/wp\/v2\/types\/page"}],"author":[{"embeddable":true,"href":"https:\/\/www.monentreprisedurable.ch\/en\/wp-json\/wp\/v2\/users\/13"}],"replies":[{"embeddable":true,"href":"https:\/\/www.monentreprisedurable.ch\/en\/wp-json\/wp\/v2\/comments?post=23033"}],"version-history":[{"count":3,"href":"https:\/\/www.monentreprisedurable.ch\/en\/wp-json\/wp\/v2\/pages\/23033\/revisions"}],"predecessor-version":[{"id":23060,"href":"https:\/\/www.monentreprisedurable.ch\/en\/wp-json\/wp\/v2\/pages\/23033\/revisions\/23060"}],"wp:attachment":[{"href":"https:\/\/www.monentreprisedurable.ch\/en\/wp-json\/wp\/v2\/media?parent=23033"}],"curies":[{"name":"wp","href":"https:\/\/api.w.org\/{rel}","templated":true}]}}