{"id":17945,"date":"2024-03-27T12:08:33","date_gmt":"2024-03-27T11:08:33","guid":{"rendered":"https:\/\/www.monentreprisedurable.ch\/csr-self-diagnosis-workshop\/"},"modified":"2024-10-01T13:33:16","modified_gmt":"2024-10-01T12:33:16","slug":"csr-self-diagnosis-workshop","status":"publish","type":"page","link":"https:\/\/www.monentreprisedurable.ch\/en\/csr-self-diagnosis-workshop\/","title":{"rendered":"CSR self-diagnosis workshop"},"content":{"rendered":"\t\t<div data-elementor-type=\"wp-page\" data-elementor-id=\"17945\" class=\"elementor elementor-17945 elementor-9756\" data-elementor-post-type=\"page\">\n\t\t\t\t\t\t<section class=\"elementor-section elementor-top-section elementor-element elementor-element-c96b5a1 elementor-section-boxed elementor-section-height-default elementor-section-height-default\" data-id=\"c96b5a1\" data-element_type=\"section\" data-e-type=\"section\" data-settings=\"{&quot;jet_parallax_layout_list&quot;:[],&quot;background_background&quot;:&quot;classic&quot;}\">\n\t\t\t\t\t\t<div class=\"elementor-container elementor-column-gap-default\">\n\t\t\t\t\t<div class=\"elementor-column elementor-col-100 elementor-top-column elementor-element elementor-element-c233a89\" data-id=\"c233a89\" data-element_type=\"column\" data-e-type=\"column\" data-settings=\"{&quot;background_background&quot;:&quot;classic&quot;}\">\n\t\t\t<div class=\"elementor-widget-wrap elementor-element-populated\">\n\t\t\t\t\t\t<div class=\"elementor-element elementor-element-31b582f elementor-widget elementor-widget-heading\" data-id=\"31b582f\" data-element_type=\"widget\" data-e-type=\"widget\" data-widget_type=\"heading.default\">\n\t\t\t\t<div class=\"elementor-widget-container\">\n\t\t\t\t\t<h2 class=\"elementor-heading-title elementor-size-default\">Self-diagnosis of your<\/br>CSR maturity<\/h2>\t\t\t\t<\/div>\n\t\t\t\t<\/div>\n\t\t\t\t\t<\/div>\n\t\t<\/div>\n\t\t\t\t\t<\/div>\n\t\t<\/section>\n\t\t\t\t<section class=\"elementor-section elementor-top-section elementor-element elementor-element-37bb407 elementor-section-boxed elementor-section-height-default elementor-section-height-default\" data-id=\"37bb407\" data-element_type=\"section\" data-e-type=\"section\" data-settings=\"{&quot;jet_parallax_layout_list&quot;:[],&quot;background_background&quot;:&quot;classic&quot;}\">\n\t\t\t\t\t\t<div class=\"elementor-container elementor-column-gap-default\">\n\t\t\t\t\t<div class=\"elementor-column elementor-col-100 elementor-top-column elementor-element elementor-element-082b0c4\" data-id=\"082b0c4\" data-element_type=\"column\" data-e-type=\"column\">\n\t\t\t<div class=\"elementor-widget-wrap elementor-element-populated\">\n\t\t\t\t\t\t<div class=\"elementor-element elementor-element-1262c44 elementor-widget elementor-widget-shortcode\" data-id=\"1262c44\" data-element_type=\"widget\" data-e-type=\"widget\" data-widget_type=\"shortcode.default\">\n\t\t\t\t<div class=\"elementor-widget-container\">\n\t\t\t\t\t\t\t<div class=\"elementor-shortcode\"><script type=\"text\/javascript\" >\ndocument.addEventListener(\"DOMContentLoaded\", function(event) { \nif(!window.jQuery) alert(\"The important jQuery library is not properly loaded in your site. Your WordPress theme is probably missing the essential wp_head() call. You can switch to another theme and you will see that the plugin works fine and this notice disappears. If you are still not sure what to do you can contact us for help.\");\n});\n<\/script>  \n  \n<div  id=\"watupro_quiz\" class=\"quiz-area single-page-quiz\">\n<p id=\"submittingExam3\" style=\"display:none;text-align:center;\"><img decoding=\"async\" src=\"https:\/\/www.monentreprisedurable.ch\/wp-content\/plugins\/watupro\/img\/loading.gif\" width=\"16\" height=\"16\"><\/p>\n\n<div class=\"watupro-exam-description\" id=\"description-quiz-3\"><p>Bienvenu.e sur l\u2019outil de cartographie de maturit\u00e9 RSE de Mon Entreprise Durable !<\/p>\n<p>Notre priorit\u00e9, c\u2019est votre r\u00e9ussite dans la mise en place de nouvelles pratiques durables, que vous pourrez valoriser aupr\u00e8s de vos collaborateurs.trices, vos clients, vos partenaires,\u2026<\/p>\n<p>Pour mieux choisir votre parcours, nous vous proposons 22 questions simples qui vous permettront d\u2019\u00e9valuer votre niveau de maturit\u00e9 sur l\u2019ensemble des sujets du d\u00e9veloppement durable.<\/p>\n<p>Quand vous \u00eates pr\u00eat.e, il suffit de cliquer !<\/p>\n<p>&nbsp;<\/p>\n<p><button class='watupro-start-quiz' style='' onclick=\"WatuPRO.startButton();return false;\">Start Quiz!<\/button><\/p>\n<div id=\"watuproContactDetails-3-start\" style='display:block;' class=\"watupro-ask-for-contact watupro-ask-for-contact-quiz-3 \">\n<p class=\"watupro-contact-field-wrap watupro-contact-field-email-wrap\">Votre adresse mail <br \/>\t<input type=\"text\" size=\"30\" name=\"watupro_taker_email\" id=\"watuproTakerEmail3\" class=\"watupro-contact-required watupro-contact-field\" value=\"\"> \t\t\t<span class=\"error watupro-contact-error\" id=\"watuproTakerEmailError3\" style=\"color:red;\"><\/span>\t \t\t<\/p>\n<p class=\"watupro-contact-field-wrap watupro-contact-field-name-wrap\">Votre nom et pr\u00e9nom <br \/> <input type=\"text\" size=\"30\" name=\"watupro_taker_name\" id=\"watuproTakerName3\" class=\"watupro-contact-required watupro-contact-field\" value=\"\">\t \t\t\t<span class=\"error watupro-contact-error\" id=\"watuproTakerNameError3\" style=\"color:red;\"><\/span>  \t\t<\/p>\n<p class=\"watupro-contact-field-wrap watupro-contact-field-company-wrap\">Votre entreprise <br \/> <input type=\"text\" size=\"30\" name=\"watupro_taker_company\" id=\"watuproTakerCompany3\" class=\" watupro-contact-required watupro-contact-field\" value=\"\">  \t\t\t<span class=\"error watupro-contact-error\" id=\"watuproTakerCompanyError3\" style=\"color:red;\"><\/span>\t \t\t<\/p>\n<\/p><\/div>\n<\/div>\n\n<form action=\"\" method=\"post\" class=\"quiz-form\" id=\"quiz-3\" style=\"display:none;\" enctype=\"multipart\/form-data\" >\n<div class='watupro-paginator-wrap '><ul class='watupro-paginator watupro-category-paginator watupro-category-paginator-custom' id='watuPROCatPaginator3'><span id=\"questionCatTabInfo1\" style=\"display:none;\">1<\/span><li class='WatuPROCatPaginationCatID1 watupro-cat-pagination-page-1' id='exam-3-WatuPROCatPagination-1' onclick='WatuPRO.goto(event, 1);'>\u00c9conomie &#038; Gouvernance<\/li><span id=\"questionCatTabInfo2\" style=\"display:none;\">1<\/span><span id=\"questionCatTabInfo3\" style=\"display:none;\">1<\/span><span id=\"questionCatTabInfo4\" style=\"display:none;\">1<\/span><span id=\"questionCatTabInfo5\" style=\"display:none;\">1<\/span><span id=\"questionCatTabInfo6\" style=\"display:none;\">1<\/span><span id=\"questionCatTabInfo7\" style=\"display:none;\">1<\/span><span id=\"questionCatTabInfo8\" style=\"display:none;\">1<\/span><span id=\"questionCatTabInfo9\" style=\"display:none;\">2<\/span><li class='WatuPROCatPaginationCatID2 watupro-cat-pagination-page-2' id='exam-3-WatuPROCatPagination-9' onclick='WatuPRO.goto(event, 9);'>Soci\u00e9t\u00e9<\/li><span id=\"questionCatTabInfo10\" style=\"display:none;\">2<\/span><span id=\"questionCatTabInfo11\" style=\"display:none;\">2<\/span><span id=\"questionCatTabInfo12\" style=\"display:none;\">2<\/span><span id=\"questionCatTabInfo13\" style=\"display:none;\">2<\/span><span id=\"questionCatTabInfo14\" style=\"display:none;\">2<\/span><span id=\"questionCatTabInfo15\" style=\"display:none;\">3<\/span><li class='WatuPROCatPaginationCatID3 watupro-cat-pagination-page-3' id='exam-3-WatuPROCatPagination-15' onclick='WatuPRO.goto(event, 15);'>Environnement<\/li><span id=\"questionCatTabInfo16\" style=\"display:none;\">3<\/span><span id=\"questionCatTabInfo17\" style=\"display:none;\">3<\/span><span id=\"questionCatTabInfo18\" style=\"display:none;\">3<\/span><span id=\"questionCatTabInfo19\" style=\"display:none;\">3<\/span><span id=\"questionCatTabInfo20\" style=\"display:none;\">3<\/span><span id=\"questionCatTabInfo21\" style=\"display:none;\">3<\/span><span id=\"questionCatTabInfo22\" style=\"display:none;\">3<\/span><\/ul><\/div><div id='catDiv1' style='display:block' class='watupro_catpage '><p>Page 1 of 3<\/p><h3>\u00c9conomie &#038; Gouvernance<\/h3><div class='watupro-rcwrapper'><div class='watu-question ' id='question-1' style=';'><div id='questionWrap-1'  class='  watupro-required-41 watupro-question-id-41'>\n\t\t\t<div class='question-content'><div><span class='watupro_num'>1. <\/span><strong>Achats durables :<\/strong>&nbsp;<br \/>\r\n<br \/>\r\n<img decoding=\"async\" class=\"size-full wp-image-4966\" src=\"https:\/\/www.monentreprisedurable.ch\/wp-content\/uploads\/2022\/11\/achat-durable.webp\" alt=\"Badge de mission RSE achats durables\" width=\"140\" height=\"140\" \/>&nbsp;<br \/>\r\n<br \/>\r\n<strong>Pour vos achats de produits ou de services, essayez-vous d\u2019acheter le moins possible, et privil\u00e9giez-vous syst\u00e9matiquement les fournisseurs locaux \/ engag\u00e9s socialement ?<\/strong>&nbsp;<br \/>\r\n<br \/>\r\n<em>Exemple : R\u00e9parer ou louer plut\u00f4t qu\u2019acheter, acheter du mat\u00e9riel informatique reconditionn\u00e9, choisir des producteurs labellis\u00e9s bio, pr\u00e9f\u00e9rer les produits recycl\u00e9s ou recyclables, faire signer une charte de bonnes pratiques \u00e0 vos fournisseurs, ...<\/em><\/div><input type='hidden' name='question_id[]' id='qID_1' value='41' class='watupro-question-id'\/><input type='hidden' id='answerType41' class='answerTypeCnt1' value='radio'><input type='hidden' id='watupro-required-question-41'><!-- end question-content--><\/div><div class='question-choices watupro-choices-columns '  id='questionChoices41'><div class='watupro-question-choice  ' dir='auto' ><input type='radio' name='answer-41[]' id='answer-id-161' class='answer   answerof-41  ' value='161'   \/><label for='answer-id-161' id='answer-label-161' class=' answer'><span>Je ne sais pas<\/span><\/label><\/div><div class='watupro-question-choice  ' dir='auto' ><input type='radio' name='answer-41[]' id='answer-id-162' class='answer   answerof-41  ' value='162'   \/><label for='answer-id-162' id='answer-label-162' class=' answer'><span>Non \/ Pas encore<\/span><\/label><\/div><div class='watupro-question-choice  ' dir='auto' ><input type='radio' name='answer-41[]' id='answer-id-163' class='answer   answerof-41  ' value='163'   \/><label for='answer-id-163' id='answer-label-163' class=' answer'><span>Parfois \/ en partie<\/span><\/label><\/div><div class='watupro-question-choice  ' dir='auto' ><input type='radio' name='answer-41[]' id='answer-id-164' class='answer   answerof-41  ' value='164'   \/><label for='answer-id-164' id='answer-label-164' class=' answer'><span>Oui, un plan existe<\/span><\/label><\/div><div class='watupro-question-choice  ' dir='auto' ><input type='radio' name='answer-41[]' id='answer-id-241' class='answer   answerof-41  ' value='241'   \/><label for='answer-id-241' id='answer-label-241' class=' answer'><span>Oui et c\u2019est int\u00e9gr\u00e9 pour tout le monde<\/span><\/label><\/div><!-- end question-choices--><\/div><p>D\u00e9crivez en quelques mots les mesures introduites.<br>\n \t\t\t<textarea name='feedback-41' rows='3' cols='30' class='watupro-user-feedback' id='watuproUserFeedback41'><\/textarea><\/p><!-- end questionWrap--><\/div><\/div><div class='watu-question ' id='question-2' style=';'><div id='questionWrap-2'  class='  watupro-required-42 watupro-question-id-42'>\n\t\t\t<div class='question-content'><div><span class='watupro_num'>2. <\/span><strong>Engagements durables :<\/strong>&nbsp;<br \/>\r\n<br \/>\r\n<img decoding=\"async\" class=\"size-full wp-image-4967\" src=\"https:\/\/www.monentreprisedurable.ch\/wp-content\/uploads\/2022\/11\/engagement-durable.webp\" alt=\"Badge de mission RSE engagements durables\" width=\"140\" height=\"140\" \/>&nbsp;<br \/>\r\n<br \/>\r\n<strong>Avez-vous formalis\u00e9 la raison d'\u00eatre de l'entreprise et pris des engagements concrets pour am\u00e9liorer son impact tout au long de sa chaine de valeur ?<\/strong>&nbsp;<br \/>\r\n<br \/>\r\n<em>Exemple : Charte d\u2019entreprise avec des engagements mesurables sur les sujets d\u2019environnement, et d\u2019engagement soci\u00e9tal<\/em><\/div><input type='hidden' name='question_id[]' id='qID_2' value='42' class='watupro-question-id'\/><input type='hidden' id='answerType42' class='answerTypeCnt2' value='radio'><input type='hidden' id='watupro-required-question-42'><!-- end question-content--><\/div><div class='question-choices watupro-choices-columns '  id='questionChoices42'><div class='watupro-question-choice  ' dir='auto' ><input type='radio' name='answer-42[]' id='answer-id-165' class='answer   answerof-42  ' value='165'   \/><label for='answer-id-165' id='answer-label-165' class=' answer'><span>Je ne sais pas<\/span><\/label><\/div><div class='watupro-question-choice  ' dir='auto' ><input type='radio' name='answer-42[]' id='answer-id-166' class='answer   answerof-42  ' value='166'   \/><label for='answer-id-166' id='answer-label-166' class=' answer'><span>Non \/ Pas encore<\/span><\/label><\/div><div class='watupro-question-choice  ' dir='auto' ><input type='radio' name='answer-42[]' id='answer-id-167' class='answer   answerof-42  ' value='167'   \/><label for='answer-id-167' id='answer-label-167' class=' answer'><span>Parfois \/ En partie<\/span><\/label><\/div><div class='watupro-question-choice  ' dir='auto' ><input type='radio' name='answer-42[]' id='answer-id-168' class='answer   answerof-42  ' value='168'   \/><label for='answer-id-168' id='answer-label-168' class=' answer'><span>Oui, un plan existe <\/span><\/label><\/div><div class='watupro-question-choice  ' dir='auto' ><input type='radio' name='answer-42[]' id='answer-id-242' class='answer   answerof-42  ' value='242'   \/><label for='answer-id-242' id='answer-label-242' class=' answer'><span>Oui et c\u2019est int\u00e9gr\u00e9 pour tout le monde\t<\/span><\/label><\/div><!-- end question-choices--><\/div><p>D\u00e9crivez en quelques mots les mesures introduites.<br>\n \t\t\t<textarea name='feedback-42' rows='3' cols='30' class='watupro-user-feedback' id='watuproUserFeedback42'><\/textarea><\/p><!-- end questionWrap--><\/div><\/div><div class='watu-question ' id='question-3' style=';'><div id='questionWrap-3'  class='  watupro-required-43 watupro-question-id-43'>\n\t\t\t<div class='question-content'><div><span class='watupro_num'>3. <\/span><strong>Partenaires impliqu\u00e9s:<\/strong>&nbsp;<br \/>\r\n<br \/>\r\n<img loading=\"lazy\" decoding=\"async\" class=\"size-full wp-image-4970\" src=\"https:\/\/www.monentreprisedurable.ch\/wp-content\/uploads\/2022\/11\/partenaire-implique\u0301.webp\" alt=\"Badge de mission RSE partenaires impliqu\u00e9s\" width=\"140\" height=\"140\" \/>&nbsp;<br \/>\r\n<br \/>\r\n<strong>Dialoguez-vous r\u00e9guli\u00e8rement avec les principaux partenaires (parties prenantes) de l\u2019entreprise pour nourrir ses projets et ses pratiques ?<\/strong>&nbsp;<br \/>\r\n<br \/>\r\n<em>Exemple : S\u00e9ances r\u00e9guli\u00e8res avec les salari\u00e9s, lettres d\u2019information, rencontres avec les clients et les fournisseurs, sondages avec un nouveau projet\u2026<\/em><\/div><input type='hidden' name='question_id[]' id='qID_3' value='43' class='watupro-question-id'\/><input type='hidden' id='answerType43' class='answerTypeCnt3' value='radio'><input type='hidden' id='watupro-required-question-43'><!-- end question-content--><\/div><div class='question-choices watupro-choices-columns '  id='questionChoices43'><div class='watupro-question-choice  ' dir='auto' ><input type='radio' name='answer-43[]' id='answer-id-169' class='answer   answerof-43  ' value='169'   \/><label for='answer-id-169' id='answer-label-169' class=' answer'><span>Je ne sais pas<\/span><\/label><\/div><div class='watupro-question-choice  ' dir='auto' ><input type='radio' name='answer-43[]' id='answer-id-170' class='answer   answerof-43  ' value='170'   \/><label for='answer-id-170' id='answer-label-170' class=' answer'><span>Non \/ Pas encore<\/span><\/label><\/div><div class='watupro-question-choice  ' dir='auto' ><input type='radio' name='answer-43[]' id='answer-id-171' class='answer   answerof-43  ' value='171'   \/><label for='answer-id-171' id='answer-label-171' class=' answer'><span>Parfois \/ En partie<\/span><\/label><\/div><div class='watupro-question-choice  ' dir='auto' ><input type='radio' name='answer-43[]' id='answer-id-172' class='answer   answerof-43  ' value='172'   \/><label for='answer-id-172' id='answer-label-172' class=' answer'><span>Oui, un plan existe <\/span><\/label><\/div><div class='watupro-question-choice  ' dir='auto' ><input type='radio' name='answer-43[]' id='answer-id-243' class='answer   answerof-43  ' value='243'   \/><label for='answer-id-243' id='answer-label-243' class=' answer'><span>Oui et c\u2019est int\u00e9gr\u00e9 pour tout le monde\t<\/span><\/label><\/div><!-- end question-choices--><\/div><p>D\u00e9crivez en quelques mots les mesures introduites.<br>\n \t\t\t<textarea name='feedback-43' rows='3' cols='30' class='watupro-user-feedback' id='watuproUserFeedback43'><\/textarea><\/p><!-- end questionWrap--><\/div><\/div><div class='watu-question ' id='question-4' style=';'><div id='questionWrap-4'  class='  watupro-required-44 watupro-question-id-44'>\n\t\t\t<div class='question-content'><div><span class='watupro_num'>4. <\/span><strong>Transparence clients <\/strong><strong style=\"font-size: 16px;\">:<\/strong>&nbsp;<br \/>\r\n<br \/>\r\n<img loading=\"lazy\" decoding=\"async\" class=\"size-full wp-image-4972\" src=\"https:\/\/www.monentreprisedurable.ch\/wp-content\/uploads\/2022\/11\/transparance-client.webp\" alt=\"Badge de mission RSE transparence client\" width=\"140\" height=\"140\" \/>&nbsp;<br \/>\r\n<br \/>\r\n&nbsp;<br \/>\r\n<p class=\"p1\"><strong>Avez-vous \u00e9tabli des r\u00e8gles claires pour fournir aux clients des informations transparentes sur vos conditions commerciales et prot\u00e9ger leurs donn\u00e9es dans le respect des lois ?<\/strong><\/p>&nbsp;<br \/>\r\n<br \/>\r\n<em>Exemple : Mise en \u0153uvre de la nLPD ou du RGPD, publication de vos conditions commerciales, syst\u00e8me de dialogue en place avec les client.e.s. pour les plaintes ou les commentaires<\/em><\/div><input type='hidden' name='question_id[]' id='qID_4' value='44' class='watupro-question-id'\/><input type='hidden' id='answerType44' class='answerTypeCnt4' value='radio'><input type='hidden' id='watupro-required-question-44'><!-- end question-content--><\/div><div class='question-choices watupro-choices-columns '  id='questionChoices44'><div class='watupro-question-choice  ' dir='auto' ><input type='radio' name='answer-44[]' id='answer-id-173' class='answer   answerof-44  ' value='173'   \/><label for='answer-id-173' id='answer-label-173' class=' answer'><span>Je ne sais pas<\/span><\/label><\/div><div class='watupro-question-choice  ' dir='auto' ><input type='radio' name='answer-44[]' id='answer-id-174' class='answer   answerof-44  ' value='174'   \/><label for='answer-id-174' id='answer-label-174' class=' answer'><span>Non \/ Pas encore<\/span><\/label><\/div><div class='watupro-question-choice  ' dir='auto' ><input type='radio' name='answer-44[]' id='answer-id-175' class='answer   answerof-44  ' value='175'   \/><label for='answer-id-175' id='answer-label-175' class=' answer'><span>Parfois \/ En partie<\/span><\/label><\/div><div class='watupro-question-choice  ' dir='auto' ><input type='radio' name='answer-44[]' id='answer-id-176' class='answer   answerof-44  ' value='176'   \/><label for='answer-id-176' id='answer-label-176' class=' answer'><span>Oui, un plan existe <\/span><\/label><\/div><div class='watupro-question-choice  ' dir='auto' ><input type='radio' name='answer-44[]' id='answer-id-244' class='answer   answerof-44  ' value='244'   \/><label for='answer-id-244' id='answer-label-244' class=' answer'><span>Oui et c\u2019est int\u00e9gr\u00e9 pour tout le monde<\/span><\/label><\/div><!-- end question-choices--><\/div><p>D\u00e9crivez en quelques mots les mesures introduites.<br>\n \t\t\t<textarea name='feedback-44' rows='3' cols='30' class='watupro-user-feedback' id='watuproUserFeedback44'><\/textarea><\/p><!-- end questionWrap--><\/div><\/div><div class='watu-question ' id='question-5' style=';'><div id='questionWrap-5'  class='  watupro-required-45 watupro-question-id-45'>\n\t\t\t<div class='question-content'><div><span class='watupro_num'>5. <\/span><p class=\"p1\"><strong>Loyaut\u00e9 des pratiques :<\/strong><\/p>&nbsp;<br \/>\r\n<br \/>\r\n<img loading=\"lazy\" decoding=\"async\" class=\"size-full wp-image-4968\" src=\"https:\/\/www.monentreprisedurable.ch\/wp-content\/uploads\/2022\/11\/loyaute-des-pratiques.webp\" alt=\"Badge de mission RSE loyaut\u00e9 des pratiques\" width=\"140\" height=\"140\" \/>&nbsp;<br \/>\r\n<br \/>\r\n&nbsp;<br \/>\r\n<p class=\"p1\"><strong>Avez-vous mis en place des proc\u00e9dures pour pr\u00e9venir la corruption et les pratiques d\u00e9loyales, et \u00e9tablir un comportement \u00e9thique de tous et toutes dans la conduite des affaires ?<\/strong><\/p>&nbsp;<br \/>\r\n<p class=\"p1\"><em>Exemple : Code de conduite en place, formations r\u00e9guli\u00e8res, m\u00e9canismes d'alerte si un.e employ\u00e9.e constate un probl\u00e8me \u00e9thique<\/em><\/p><\/div><input type='hidden' name='question_id[]' id='qID_5' value='45' class='watupro-question-id'\/><input type='hidden' id='answerType45' class='answerTypeCnt5' value='radio'><input type='hidden' id='watupro-required-question-45'><!-- end question-content--><\/div><div class='question-choices watupro-choices-columns '  id='questionChoices45'><div class='watupro-question-choice  ' dir='auto' ><input type='radio' name='answer-45[]' id='answer-id-177' class='answer   answerof-45  ' value='177'   \/><label for='answer-id-177' id='answer-label-177' class=' answer'><span>Je ne sais pas<\/span><\/label><\/div><div class='watupro-question-choice  ' dir='auto' ><input type='radio' name='answer-45[]' id='answer-id-178' class='answer   answerof-45  ' value='178'   \/><label for='answer-id-178' id='answer-label-178' class=' answer'><span>Non \/ Pas encore<\/span><\/label><\/div><div class='watupro-question-choice  ' dir='auto' ><input type='radio' name='answer-45[]' id='answer-id-179' class='answer   answerof-45  ' value='179'   \/><label for='answer-id-179' id='answer-label-179' class=' answer'><span>Parfois \/ En partie<\/span><\/label><\/div><div class='watupro-question-choice  ' dir='auto' ><input type='radio' name='answer-45[]' id='answer-id-180' class='answer   answerof-45  ' value='180'   \/><label for='answer-id-180' id='answer-label-180' class=' answer'><span>Oui, un plan existe <\/span><\/label><\/div><div class='watupro-question-choice  ' dir='auto' ><input type='radio' name='answer-45[]' id='answer-id-245' class='answer   answerof-45  ' value='245'   \/><label for='answer-id-245' id='answer-label-245' class=' answer'><span>Oui et c\u2019est int\u00e9gr\u00e9 pour tout le monde<\/span><\/label><\/div><!-- end question-choices--><\/div><p>D\u00e9crivez en quelques mots les mesures introduites.<br>\n \t\t\t<textarea name='feedback-45' rows='3' cols='30' class='watupro-user-feedback' id='watuproUserFeedback45'><\/textarea><\/p><!-- end questionWrap--><\/div><\/div><div class='watu-question ' id='question-6' style=';'><div id='questionWrap-6'  class='  watupro-required-46 watupro-question-id-46'>\n\t\t\t<div class='question-content'><div><span class='watupro_num'>6. <\/span><p class=\"p1\"><strong>Marketing \u00e9thique :<\/strong><\/p>&nbsp;<br \/>\r\n<br \/>\r\n<img loading=\"lazy\" decoding=\"async\" class=\"size-full wp-image-4969\" src=\"https:\/\/www.monentreprisedurable.ch\/wp-content\/uploads\/2022\/11\/marketing-ethique.webp\" alt=\"Badge de mission RSE marketing \u00e9thique\" width=\"140\" height=\"140\" \/>&nbsp;<br \/>\r\n<br \/>\r\n&nbsp;<br \/>\r\n<p class=\"p1\"><strong>\u00c9valuez-vous vos outils de communication pour vendre sans tomber dans le greenwashing ?<\/strong><\/p>&nbsp;<br \/>\r\n<p class=\"p1\"><em>Exemple : Utilisation d\u2019une checklist des principes de communication durable, travail avec une agence sp\u00e9cialis\u00e9e<\/em><\/p><\/div><input type='hidden' name='question_id[]' id='qID_6' value='46' class='watupro-question-id'\/><input type='hidden' id='answerType46' class='answerTypeCnt6' value='radio'><input type='hidden' id='watupro-required-question-46'><!-- end question-content--><\/div><div class='question-choices watupro-choices-columns '  id='questionChoices46'><div class='watupro-question-choice  ' dir='auto' ><input type='radio' name='answer-46[]' id='answer-id-181' class='answer   answerof-46  ' value='181'   \/><label for='answer-id-181' id='answer-label-181' class=' answer'><span>Je ne sais pas<\/span><\/label><\/div><div class='watupro-question-choice  ' dir='auto' ><input type='radio' name='answer-46[]' id='answer-id-182' class='answer   answerof-46  ' value='182'   \/><label for='answer-id-182' id='answer-label-182' class=' answer'><span>Non \/ Pas encore<\/span><\/label><\/div><div class='watupro-question-choice  ' dir='auto' ><input type='radio' name='answer-46[]' id='answer-id-183' class='answer   answerof-46  ' value='183'   \/><label for='answer-id-183' id='answer-label-183' class=' answer'><span>Parfois \/ En partie<\/span><\/label><\/div><div class='watupro-question-choice  ' dir='auto' ><input type='radio' name='answer-46[]' id='answer-id-184' class='answer   answerof-46  ' value='184'   \/><label for='answer-id-184' id='answer-label-184' class=' answer'><span>Oui, un plan existe <\/span><\/label><\/div><div class='watupro-question-choice  ' dir='auto' ><input type='radio' name='answer-46[]' id='answer-id-246' class='answer   answerof-46  ' value='246'   \/><label for='answer-id-246' id='answer-label-246' class=' answer'><span>Oui et c\u2019est int\u00e9gr\u00e9 pour tout le monde<\/span><\/label><\/div><!-- end question-choices--><\/div><p>D\u00e9crivez en quelques mots les mesures introduites.<br>\n \t\t\t<textarea name='feedback-46' rows='3' cols='30' class='watupro-user-feedback' id='watuproUserFeedback46'><\/textarea><\/p><!-- end questionWrap--><\/div><\/div><div class='watu-question ' id='question-7' style=';'><div id='questionWrap-7'  class='  watupro-required-61 watupro-question-id-61'>\n\t\t\t<div class='question-content'><div><span class='watupro_num'>7. <\/span><strong>Mod\u00e8le d\u2019affaire circulaire :\u00a0<\/strong>&nbsp;<br \/>\r\n<br \/>\r\n<img loading=\"lazy\" decoding=\"async\" class=\"alignnone wp-image-9753\" src=\"https:\/\/www.monentreprisedurable.ch\/wp-content\/uploads\/2024\/03\/modele-d-affaire-circulaire-300x300.png\" alt=\"\" width=\"139\" height=\"139\" srcset=\"https:\/\/www.monentreprisedurable.ch\/wp-content\/uploads\/2024\/03\/modele-d-affaire-circulaire-300x300.png 300w, https:\/\/www.monentreprisedurable.ch\/wp-content\/uploads\/2024\/03\/modele-d-affaire-circulaire-150x150.png 150w, https:\/\/www.monentreprisedurable.ch\/wp-content\/uploads\/2024\/03\/modele-d-affaire-circulaire.png 537w\" sizes=\"(max-width: 139px) 100vw, 139px\" \/>&nbsp;<br \/>\r\n<br \/>\r\n&nbsp;<br \/>\r\n<p class=\"p1\"><strong>Avez-vous revu votre mod\u00e8le d\u2019affaires pour que chaque \u00e9tape de votre chaine de valeur soit la plus circulaire possible ? Le revoyez-vous r\u00e9guli\u00e8rement ?<\/strong><\/p>&nbsp;<br \/>\r\n<p class=\"p1\"><em>Exemple : Ateliers d\u2019\u00e9co-conception, faire \u00e9voluer la chaine de production pour r\u00e9duire les mat\u00e9riaux employ\u00e9s, penser le recyclage d\u00e8s la conception, faciliter la r\u00e9paration, mettre en place des mod\u00e8les de location plut\u00f4t que de vente, orienter la prospection vers des clients plus vertueux,\u2026<\/em><\/p><\/div><input type='hidden' name='question_id[]' id='qID_7' value='61' class='watupro-question-id'\/><input type='hidden' id='answerType61' class='answerTypeCnt7' value='radio'><input type='hidden' id='watupro-required-question-61'><!-- end question-content--><\/div><div class='question-choices watupro-choices-columns '  id='questionChoices61'><div class='watupro-question-choice  ' dir='auto' ><input type='radio' name='answer-61[]' id='answer-id-261' class='answer   answerof-61  ' value='261'   \/><label for='answer-id-261' id='answer-label-261' class=' answer'><span>Je ne sais pas<\/span><\/label><\/div><div class='watupro-question-choice  ' dir='auto' ><input type='radio' name='answer-61[]' id='answer-id-262' class='answer   answerof-61  ' value='262'   \/><label for='answer-id-262' id='answer-label-262' class=' answer'><span>Non \/ Pas encore<\/span><\/label><\/div><div class='watupro-question-choice  ' dir='auto' ><input type='radio' name='answer-61[]' id='answer-id-263' class='answer   answerof-61  ' value='263'   \/><label for='answer-id-263' id='answer-label-263' class=' answer'><span>Parfois \/ En partie<\/span><\/label><\/div><div class='watupro-question-choice  ' dir='auto' ><input type='radio' name='answer-61[]' id='answer-id-264' class='answer   answerof-61  ' value='264'   \/><label for='answer-id-264' id='answer-label-264' class=' answer'><span>Oui, un plan existe <\/span><\/label><\/div><div class='watupro-question-choice  ' dir='auto' ><input type='radio' name='answer-61[]' id='answer-id-265' class='answer   answerof-61  ' value='265'   \/><label for='answer-id-265' id='answer-label-265' class=' answer'><span>Oui et c\u2019est int\u00e9gr\u00e9 pour tout le monde<\/span><\/label><\/div><!-- end question-choices--><\/div><p>D\u00e9crivez en quelques mots les mesures introduites.<br>\n \t\t\t<textarea name='feedback-61' rows='3' cols='30' class='watupro-user-feedback' id='watuproUserFeedback61'><\/textarea><\/p><!-- end questionWrap--><\/div><\/div><div class='watu-question ' id='question-8' style=';'><div id='questionWrap-8'  class='  watupro-required-47 watupro-question-id-47'>\n\t\t\t<div class='question-content'><div><span class='watupro_num'>8. <\/span><p class=\"p1\"><strong>Pilotage RSE :<\/strong><\/p>&nbsp;<br \/>\r\n<br \/>\r\n<img loading=\"lazy\" decoding=\"async\" class=\"size-full wp-image-4971\" src=\"https:\/\/www.monentreprisedurable.ch\/wp-content\/uploads\/2022\/11\/pilotage-rse.webp\" alt=\"Badge de mission pilotage RSE\" width=\"140\" height=\"140\" \/>&nbsp;<br \/>\r\n<br \/>\r\n&nbsp;<br \/>\r\n<br \/>\r\n<strong>Une personne ou \u00e9quipe est-elle responsable de piloter la RSE dans l\u2019entreprise, c\u2019est-\u00e0-dire suivre les r\u00e9alisations de l'ensemble des actions RSE, \u00e9valuer les r\u00e9sultats et recommander de nouvelles actions ?<\/strong>&nbsp;<br \/>\r\n<br \/>\r\n<em>Exemple : Une.e employ\u00e9.e a ce r\u00f4le \u00e0 temps partiel, une petite \u00e9quipe \u00abgreen team\u00bb m\u00e8ne des projets, il existe un tableau de bord des actions RSE, le comit\u00e9 de direction revoit les r\u00e9sultats<\/em><\/div><input type='hidden' name='question_id[]' id='qID_8' value='47' class='watupro-question-id'\/><input type='hidden' id='answerType47' class='answerTypeCnt8' value='radio'><input type='hidden' id='watupro-required-question-47'><!-- end question-content--><\/div><div class='question-choices watupro-choices-columns '  id='questionChoices47'><div class='watupro-question-choice  ' dir='auto' ><input type='radio' name='answer-47[]' id='answer-id-185' class='answer   answerof-47  ' value='185'   \/><label for='answer-id-185' id='answer-label-185' class=' answer'><span>Je ne sais pas<\/span><\/label><\/div><div class='watupro-question-choice  ' dir='auto' ><input type='radio' name='answer-47[]' id='answer-id-186' class='answer   answerof-47  ' value='186'   \/><label for='answer-id-186' id='answer-label-186' class=' answer'><span>Non \/ Pas encore<\/span><\/label><\/div><div class='watupro-question-choice  ' dir='auto' ><input type='radio' name='answer-47[]' id='answer-id-187' class='answer   answerof-47  ' value='187'   \/><label for='answer-id-187' id='answer-label-187' class=' answer'><span>Parfois \/ En partie<\/span><\/label><\/div><div class='watupro-question-choice  ' dir='auto' ><input type='radio' name='answer-47[]' id='answer-id-188' class='answer   answerof-47  ' value='188'   \/><label for='answer-id-188' id='answer-label-188' class=' answer'><span>Oui, un plan existe <\/span><\/label><\/div><div class='watupro-question-choice  ' dir='auto' ><input type='radio' name='answer-47[]' id='answer-id-247' class='answer   answerof-47  ' value='247'   \/><label for='answer-id-247' id='answer-label-247' class=' answer'><span>Oui et c\u2019est int\u00e9gr\u00e9 pour tout le monde<\/span><\/label><\/div><!-- end question-choices--><\/div><p>D\u00e9crivez en quelques mots les mesures introduites.<br>\n \t\t\t<textarea name='feedback-47' rows='3' cols='30' class='watupro-user-feedback' id='watuproUserFeedback47'><\/textarea><\/p><!-- end questionWrap--><\/div><\/div><\/div> \n\t\t \t<\/div><div id='catDiv2' style='display:none' class='watupro_catpage '><p>Page 2 of 3<\/p><h3>Soci\u00e9t\u00e9<\/h3><div class='watupro-rcwrapper'><div class='watu-question ' id='question-9' style=';'><div id='questionWrap-9'  class='  watupro-required-48 watupro-question-id-48'>\n\t\t\t<div class='question-content'><div><span class='watupro_num'>9. <\/span><p class=\"p1\"><strong>\u00c9galit\u00e9 salariale :<\/strong><\/p>&nbsp;<br \/>\r\n<br \/>\r\n<img loading=\"lazy\" decoding=\"async\" class=\"size-full wp-image-4977\" src=\"https:\/\/www.monentreprisedurable.ch\/wp-content\/uploads\/2022\/11\/egalite-salariale.webp\" alt=\"Badge de mission RSE \u00e9galit\u00e9 salariale\" width=\"140\" height=\"140\" \/>&nbsp;<br \/>\r\n<br \/>\r\n<strong>\u00c9valuez-vous les \u00e9carts salariaux dans l'entreprise ?<\/strong>&nbsp;<br \/>\r\n<p class=\"p1\"><em>Exemple : Il existe une grille des salaires transparente, Utiliser le logiciel de la Conf\u00e9d\u00e9ration Logib, avoir une certification Equal Salary<\/em><\/p><\/div><input type='hidden' name='question_id[]' id='qID_9' value='48' class='watupro-question-id'\/><input type='hidden' id='answerType48' class='answerTypeCnt9' value='radio'><input type='hidden' id='watupro-required-question-48'><!-- end question-content--><\/div><div class='question-choices watupro-choices-columns '  id='questionChoices48'><div class='watupro-question-choice  ' dir='auto' ><input type='radio' name='answer-48[]' id='answer-id-189' class='answer   answerof-48  ' value='189'   \/><label for='answer-id-189' id='answer-label-189' class=' answer'><span>Je ne sais pas<\/span><\/label><\/div><div class='watupro-question-choice  ' dir='auto' ><input type='radio' name='answer-48[]' id='answer-id-190' class='answer   answerof-48  ' value='190'   \/><label for='answer-id-190' id='answer-label-190' class=' answer'><span>Non \/ Pas encore<\/span><\/label><\/div><div class='watupro-question-choice  ' dir='auto' ><input type='radio' name='answer-48[]' id='answer-id-191' class='answer   answerof-48  ' value='191'   \/><label for='answer-id-191' id='answer-label-191' class=' answer'><span>Parfois \/ En partie<\/span><\/label><\/div><div class='watupro-question-choice  ' dir='auto' ><input type='radio' name='answer-48[]' id='answer-id-192' class='answer   answerof-48  ' value='192'   \/><label for='answer-id-192' id='answer-label-192' class=' answer'><span>Oui, un plan existe <\/span><\/label><\/div><div class='watupro-question-choice  ' dir='auto' ><input type='radio' name='answer-48[]' id='answer-id-248' class='answer   answerof-48  ' value='248'   \/><label for='answer-id-248' id='answer-label-248' class=' answer'><span>Oui et c\u2019est int\u00e9gr\u00e9 pour tout le monde\r\n<\/span><\/label><\/div><!-- end question-choices--><\/div><p>D\u00e9crivez en quelques mots les mesures introduites.<br>\n \t\t\t<textarea name='feedback-48' rows='3' cols='30' class='watupro-user-feedback' id='watuproUserFeedback48'><\/textarea><\/p><!-- end questionWrap--><\/div><\/div><div class='watu-question ' id='question-10' style=';'><div id='questionWrap-10'  class='  watupro-required-49 watupro-question-id-49'>\n\t\t\t<div class='question-content'><div><span class='watupro_num'>10. <\/span><p class=\"p1\"><strong>Avantages employ\u00e9s :<\/strong><\/p>&nbsp;<br \/>\r\n<br \/>\r\n<img loading=\"lazy\" decoding=\"async\" class=\"size-full wp-image-4974\" src=\"https:\/\/www.monentreprisedurable.ch\/wp-content\/uploads\/2022\/11\/avantages-employes.webp\" alt=\"Badge de mission RSE avantage employ\u00e9s\" width=\"140\" height=\"140\" \/>&nbsp;<br \/>\r\n<br \/>\r\n&nbsp;<br \/>\r\n<p class=\"p1\"><strong>Avez-vous mis en place des avantages non salariaux au-del\u00e0 des obligations l\u00e9gales ?<\/strong><\/p>&nbsp;<br \/>\r\n<p class=\"p1\"><em>Exemple : Allocation de cong\u00e9 maternit\u00e9 ou paternit\u00e9 compl\u00e9mentaire, plan de LPP sup\u00e9rieur au minium, horaires flexibles<\/em><\/p><\/div><input type='hidden' name='question_id[]' id='qID_10' value='49' class='watupro-question-id'\/><input type='hidden' id='answerType49' class='answerTypeCnt10' value='radio'><input type='hidden' id='watupro-required-question-49'><!-- end question-content--><\/div><div class='question-choices watupro-choices-columns '  id='questionChoices49'><div class='watupro-question-choice  ' dir='auto' ><input type='radio' name='answer-49[]' id='answer-id-193' class='answer   answerof-49  ' value='193'   \/><label for='answer-id-193' id='answer-label-193' class=' answer'><span>Je ne sais pas<\/span><\/label><\/div><div class='watupro-question-choice  ' dir='auto' ><input type='radio' name='answer-49[]' id='answer-id-194' class='answer   answerof-49  ' value='194'   \/><label for='answer-id-194' id='answer-label-194' class=' answer'><span>Non \/ Pas encore<\/span><\/label><\/div><div class='watupro-question-choice  ' dir='auto' ><input type='radio' name='answer-49[]' id='answer-id-195' class='answer   answerof-49  ' value='195'   \/><label for='answer-id-195' id='answer-label-195' class=' answer'><span>Parfois \/ En partie<\/span><\/label><\/div><div class='watupro-question-choice  ' dir='auto' ><input type='radio' name='answer-49[]' id='answer-id-196' class='answer   answerof-49  ' value='196'   \/><label for='answer-id-196' id='answer-label-196' class=' answer'><span>Oui, un plan existe<\/span><\/label><\/div><div class='watupro-question-choice  ' dir='auto' ><input type='radio' name='answer-49[]' id='answer-id-249' class='answer   answerof-49  ' value='249'   \/><label for='answer-id-249' id='answer-label-249' class=' answer'><span>Oui et c\u2019est int\u00e9gr\u00e9 pour tout le monde\r\n<\/span><\/label><\/div><!-- end question-choices--><\/div><p>D\u00e9crivez en quelques mots les mesures introduites.<br>\n \t\t\t<textarea name='feedback-49' rows='3' cols='30' class='watupro-user-feedback' id='watuproUserFeedback49'><\/textarea><\/p><!-- end questionWrap--><\/div><\/div><div class='watu-question ' id='question-11' style=';'><div id='questionWrap-11'  class='  watupro-required-50 watupro-question-id-50'>\n\t\t\t<div class='question-content'><div><span class='watupro_num'>11. <\/span><p class=\"p1\"><strong>Sant\u00e9 prot\u00e9g\u00e9e :<\/strong><\/p>&nbsp;<br \/>\r\n<br \/>\r\n<img loading=\"lazy\" decoding=\"async\" class=\"alignnone size-full wp-image-4979\" src=\"https:\/\/www.monentreprisedurable.ch\/wp-content\/uploads\/2022\/11\/sante-protege.webp\" alt=\"Badge de mission RSE sant\u00e9 prot\u00e9g\u00e9e\" width=\"140\" height=\"140\" \/>&nbsp;<br \/>\r\n<br \/>\r\n&nbsp;<br \/>\r\n<p class=\"p1\"><strong>Op\u00e9rez-vous dans un environnement d'entreprise qui prot\u00e8ge la sant\u00e9 physique et mentale des employ\u00e9.e.s, en suivant les obligations l\u00e9gales et les bonnes pratiques ?<\/strong><\/p>&nbsp;<br \/>\r\n<p class=\"p1\"><em>Exemple : Sensibilisation \u00e0 l\u2019ergonomie sur le poste de travail, accompagnement en cas de retour de maladie longue, Plan de Sant\u00e9 et S\u00e9curit\u00e9 au travail en place sur la base des directives du SECO<\/em><\/p><\/div><input type='hidden' name='question_id[]' id='qID_11' value='50' class='watupro-question-id'\/><input type='hidden' id='answerType50' class='answerTypeCnt11' value='radio'><input type='hidden' id='watupro-required-question-50'><!-- end question-content--><\/div><div class='question-choices watupro-choices-columns '  id='questionChoices50'><div class='watupro-question-choice  ' dir='auto' ><input type='radio' name='answer-50[]' id='answer-id-197' class='answer   answerof-50  ' value='197'   \/><label for='answer-id-197' id='answer-label-197' class=' answer'><span>Je ne sais pas<\/span><\/label><\/div><div class='watupro-question-choice  ' dir='auto' ><input type='radio' name='answer-50[]' id='answer-id-198' class='answer   answerof-50  ' value='198'   \/><label for='answer-id-198' id='answer-label-198' class=' answer'><span>Non \/ Pas encore<\/span><\/label><\/div><div class='watupro-question-choice  ' dir='auto' ><input type='radio' name='answer-50[]' id='answer-id-199' class='answer   answerof-50  ' value='199'   \/><label for='answer-id-199' id='answer-label-199' class=' answer'><span>Parfois \/ En partie<\/span><\/label><\/div><div class='watupro-question-choice  ' dir='auto' ><input type='radio' name='answer-50[]' id='answer-id-200' class='answer   answerof-50  ' value='200'   \/><label for='answer-id-200' id='answer-label-200' class=' answer'><span>Oui, un plan existe<\/span><\/label><\/div><div class='watupro-question-choice  ' dir='auto' ><input type='radio' name='answer-50[]' id='answer-id-250' class='answer   answerof-50  ' value='250'   \/><label for='answer-id-250' id='answer-label-250' class=' answer'><span>Oui et c\u2019est int\u00e9gr\u00e9 pour tout le monde\r\n<\/span><\/label><\/div><!-- end question-choices--><\/div><p>D\u00e9crivez en quelques mots les mesures introduites.<br>\n \t\t\t<textarea name='feedback-50' rows='3' cols='30' class='watupro-user-feedback' id='watuproUserFeedback50'><\/textarea><\/p><!-- end questionWrap--><\/div><\/div><div class='watu-question ' id='question-12' style=';'><div id='questionWrap-12'  class='  watupro-required-51 watupro-question-id-51'>\n\t\t\t<div class='question-content'><div><span class='watupro_num'>12. <\/span><p class=\"p1\"><strong>Non discrimination et inclusion :\u00a0<\/strong><\/p>&nbsp;<br \/>\r\n<br \/>\r\n<img loading=\"lazy\" decoding=\"async\" class=\"size-full wp-image-4978\" src=\"https:\/\/www.monentreprisedurable.ch\/wp-content\/uploads\/2022\/11\/non-discrimination-inclusion.webp\" alt=\"Badge de mission RSE non discrimination et inclusion\" width=\"140\" height=\"140\" \/>&nbsp;<br \/>\r\n<br \/>\r\n&nbsp;<br \/>\r\n<p class=\"p1\"><strong>Avez-vous pris des engagements pour un environnement de travail inclusif ?<\/strong><\/p>&nbsp;<br \/>\r\n<p class=\"p1\"><em>Exemple : <\/em><i>Charte de diversit\u00e9 en place, questionnaire r\u00e9gulier aux employ\u00e9.e.s sur ces sujets, politique d'embauche non discriminante<\/i><\/p><\/div><input type='hidden' name='question_id[]' id='qID_12' value='51' class='watupro-question-id'\/><input type='hidden' id='answerType51' class='answerTypeCnt12' value='radio'><input type='hidden' id='watupro-required-question-51'><!-- end question-content--><\/div><div class='question-choices watupro-choices-columns '  id='questionChoices51'><div class='watupro-question-choice  ' dir='auto' ><input type='radio' name='answer-51[]' id='answer-id-201' class='answer   answerof-51  ' value='201'   \/><label for='answer-id-201' id='answer-label-201' class=' answer'><span>Je ne sais pas<\/span><\/label><\/div><div class='watupro-question-choice  ' dir='auto' ><input type='radio' name='answer-51[]' id='answer-id-202' class='answer   answerof-51  ' value='202'   \/><label for='answer-id-202' id='answer-label-202' class=' answer'><span>Non \/ Pas encore<\/span><\/label><\/div><div class='watupro-question-choice  ' dir='auto' ><input type='radio' name='answer-51[]' id='answer-id-203' class='answer   answerof-51  ' value='203'   \/><label for='answer-id-203' id='answer-label-203' class=' answer'><span>Parfois \/ En partie<\/span><\/label><\/div><div class='watupro-question-choice  ' dir='auto' ><input type='radio' name='answer-51[]' id='answer-id-204' class='answer   answerof-51  ' value='204'   \/><label for='answer-id-204' id='answer-label-204' class=' answer'><span>Oui, un plan existe<\/span><\/label><\/div><div class='watupro-question-choice  ' dir='auto' ><input type='radio' name='answer-51[]' id='answer-id-251' class='answer   answerof-51  ' value='251'   \/><label for='answer-id-251' id='answer-label-251' class=' answer'><span>Oui et c\u2019est int\u00e9gr\u00e9 pour tout le monde<\/span><\/label><\/div><!-- end question-choices--><\/div><p>D\u00e9crivez en quelques mots les mesures introduites.<br>\n \t\t\t<textarea name='feedback-51' rows='3' cols='30' class='watupro-user-feedback' id='watuproUserFeedback51'><\/textarea><\/p><!-- end questionWrap--><\/div><\/div><div class='watu-question ' id='question-13' style=';'><div id='questionWrap-13'  class='  watupro-required-52 watupro-question-id-52'>\n\t\t\t<div class='question-content'><div><span class='watupro_num'>13. <\/span><p class=\"p1\"><b>D\u00e9veloppement des comp\u00e9tences :<\/b><\/p>&nbsp;<br \/>\r\n<br \/>\r\n<img loading=\"lazy\" decoding=\"async\" class=\"size-full wp-image-4976\" src=\"https:\/\/www.monentreprisedurable.ch\/wp-content\/uploads\/2022\/11\/developpement-des-competences.webp\" alt=\"Badge de mission RSE d\u00e9veloppement des comp\u00e9tences\" width=\"140\" height=\"140\" \/>&nbsp;<br \/>\r\n<br \/>\r\n&nbsp;<br \/>\r\n<p class=\"p1\"><b>Avez-vous mis en place un plan de d\u00e9veloppement des comp\u00e9tences qui pr\u00e9pare l'avenir de votre entreprise et de vos employ\u00e9.e.s ?<\/b><\/p>&nbsp;<br \/>\r\n<p class=\"p1\"><em>Exemple : <\/em><i>Plan annuel de formation pour l'ensemble de l'entreprise, chaque employ\u00e9.e b\u00e9n\u00e9ficie d'au moins 1 formation tous les 3 ans<\/i><\/p><\/div><input type='hidden' name='question_id[]' id='qID_13' value='52' class='watupro-question-id'\/><input type='hidden' id='answerType52' class='answerTypeCnt13' value='radio'><input type='hidden' id='watupro-required-question-52'><!-- end question-content--><\/div><div class='question-choices watupro-choices-columns '  id='questionChoices52'><div class='watupro-question-choice  ' dir='auto' ><input type='radio' name='answer-52[]' id='answer-id-205' class='answer   answerof-52  ' value='205'   \/><label for='answer-id-205' id='answer-label-205' class=' answer'><span>Je ne sais pas<\/span><\/label><\/div><div class='watupro-question-choice  ' dir='auto' ><input type='radio' name='answer-52[]' id='answer-id-206' class='answer   answerof-52  ' value='206'   \/><label for='answer-id-206' id='answer-label-206' class=' answer'><span>Non \/ Pas encore<\/span><\/label><\/div><div class='watupro-question-choice  ' dir='auto' ><input type='radio' name='answer-52[]' id='answer-id-207' class='answer   answerof-52  ' value='207'   \/><label for='answer-id-207' id='answer-label-207' class=' answer'><span>Parfois \/ En partie<\/span><\/label><\/div><div class='watupro-question-choice  ' dir='auto' ><input type='radio' name='answer-52[]' id='answer-id-208' class='answer   answerof-52  ' value='208'   \/><label for='answer-id-208' id='answer-label-208' class=' answer'><span>Oui, un plan existe<\/span><\/label><\/div><div class='watupro-question-choice  ' dir='auto' ><input type='radio' name='answer-52[]' id='answer-id-252' class='answer   answerof-52  ' value='252'   \/><label for='answer-id-252' id='answer-label-252' class=' answer'><span>Oui et c\u2019est int\u00e9gr\u00e9 pour tout le monde<\/span><\/label><\/div><!-- end question-choices--><\/div><p>D\u00e9crivez en quelques mots les mesures introduites.<br>\n \t\t\t<textarea name='feedback-52' rows='3' cols='30' class='watupro-user-feedback' id='watuproUserFeedback52'><\/textarea><\/p><!-- end questionWrap--><\/div><\/div><div class='watu-question ' id='question-14' style=';'><div id='questionWrap-14'  class='  watupro-required-53 watupro-question-id-53'>\n\t\t\t<div class='question-content'><div><span class='watupro_num'>14. <\/span><p class=\"p1\"><b>Contribution citoyenne :<\/b><\/p>&nbsp;<br \/>\r\n<br \/>\r\n<img loading=\"lazy\" decoding=\"async\" class=\"size-full wp-image-4975\" src=\"https:\/\/www.monentreprisedurable.ch\/wp-content\/uploads\/2022\/11\/contribution-citoyenne.webp\" alt=\"Badge de mission RSE contribution citoyenne\" width=\"140\" height=\"140\" \/>&nbsp;<br \/>\r\n<br \/>\r\n&nbsp;<br \/>\r\n<p class=\"p1\"><b>Menez-vous des actions b\u00e9n\u00e9voles en dehors de l\u2019entreprise ?<\/b><\/p>&nbsp;<br \/>\r\n<p class=\"p1\"><em>Exemple : <\/em><i>m\u00e9c\u00e9nat de comp\u00e9tences, dons financiers, pr\u00eat de locaux, participation \u00e0 des \u00e9v\u00e9nements caritatifs, engagement politique<\/i><\/p><\/div><input type='hidden' name='question_id[]' id='qID_14' value='53' class='watupro-question-id'\/><input type='hidden' id='answerType53' class='answerTypeCnt14' value='radio'><input type='hidden' id='watupro-required-question-53'><!-- end question-content--><\/div><div class='question-choices watupro-choices-columns '  id='questionChoices53'><div class='watupro-question-choice  ' dir='auto' ><input type='radio' name='answer-53[]' id='answer-id-209' class='answer   answerof-53  ' value='209'   \/><label for='answer-id-209' id='answer-label-209' class=' answer'><span>Je ne sais pas<\/span><\/label><\/div><div class='watupro-question-choice  ' dir='auto' ><input type='radio' name='answer-53[]' id='answer-id-210' class='answer   answerof-53  ' value='210'   \/><label for='answer-id-210' id='answer-label-210' class=' answer'><span>Non \/ Pas encore<\/span><\/label><\/div><div class='watupro-question-choice  ' dir='auto' ><input type='radio' name='answer-53[]' id='answer-id-211' class='answer   answerof-53  ' value='211'   \/><label for='answer-id-211' id='answer-label-211' class=' answer'><span>Parfois \/ En partie<\/span><\/label><\/div><div class='watupro-question-choice  ' dir='auto' ><input type='radio' name='answer-53[]' id='answer-id-212' class='answer   answerof-53  ' value='212'   \/><label for='answer-id-212' id='answer-label-212' class=' answer'><span>Oui, un plan existe<\/span><\/label><\/div><div class='watupro-question-choice  ' dir='auto' ><input type='radio' name='answer-53[]' id='answer-id-253' class='answer   answerof-53  ' value='253'   \/><label for='answer-id-253' id='answer-label-253' class=' answer'><span>Oui et c\u2019est int\u00e9gr\u00e9 pour tout le monde<\/span><\/label><\/div><!-- end question-choices--><\/div><p>D\u00e9crivez en quelques mots les mesures introduites.<br>\n \t\t\t<textarea name='feedback-53' rows='3' cols='30' class='watupro-user-feedback' id='watuproUserFeedback53'><\/textarea><\/p><!-- end questionWrap--><\/div><\/div><\/div> \n\t\t \t<\/div><div id='catDiv3' style='display:none' class='watupro_catpage '><p>Page 3 of 3<\/p><h3>Environnement<\/h3><div class='watupro-rcwrapper'><div class='watu-question ' id='question-15' style=';'><div id='questionWrap-15'  class='  watupro-required-54 watupro-question-id-54'>\n\t\t\t<div class='question-content'><div><span class='watupro_num'>15. <\/span><p class=\"p1\"><b>Energies renouvelables :<\/b><\/p>&nbsp;<br \/>\r\n<br \/>\r\n<img loading=\"lazy\" decoding=\"async\" class=\"size-full wp-image-4987\" src=\"https:\/\/www.monentreprisedurable.ch\/wp-content\/uploads\/2022\/11\/energies-renouvelables.webp\" alt=\"Badge de mission RSE \u00e9nergies renouvelables\" width=\"140\" height=\"140\" \/>&nbsp;<br \/>\r\n<br \/>\r\n&nbsp;<br \/>\r\n<p class=\"p1\"><b>Votre b\u00e2timent est-il aliment\u00e9 par des \u00e9nergies renouvelables pour l\u2019\u00e9lectricit\u00e9 et le chauffage ?<\/b><\/p>&nbsp;<br \/>\r\n<p class=\"p1\"><em>Exemple : <\/em><i>Solaire, \u00e9olien, pompe \u00e0 chaleur, biogaz<\/i><\/p><\/div><input type='hidden' name='question_id[]' id='qID_15' value='54' class='watupro-question-id'\/><input type='hidden' id='answerType54' class='answerTypeCnt15' value='radio'><input type='hidden' id='watupro-required-question-54'><!-- end question-content--><\/div><div class='question-choices watupro-choices-columns '  id='questionChoices54'><div class='watupro-question-choice  ' dir='auto' ><input type='radio' name='answer-54[]' id='answer-id-213' class='answer   answerof-54  ' value='213'   \/><label for='answer-id-213' id='answer-label-213' class=' answer'><span>Je ne sais pas<\/span><\/label><\/div><div class='watupro-question-choice  ' dir='auto' ><input type='radio' name='answer-54[]' id='answer-id-214' class='answer   answerof-54  ' value='214'   \/><label for='answer-id-214' id='answer-label-214' class=' answer'><span>Non \/ Pas encore<\/span><\/label><\/div><div class='watupro-question-choice  ' dir='auto' ><input type='radio' name='answer-54[]' id='answer-id-215' class='answer   answerof-54  ' value='215'   \/><label for='answer-id-215' id='answer-label-215' class=' answer'><span>Parfois \/ En partie<\/span><\/label><\/div><div class='watupro-question-choice  ' dir='auto' ><input type='radio' name='answer-54[]' id='answer-id-216' class='answer   answerof-54  ' value='216'   \/><label for='answer-id-216' id='answer-label-216' class=' answer'><span>Oui, un plan existe<\/span><\/label><\/div><div class='watupro-question-choice  ' dir='auto' ><input type='radio' name='answer-54[]' id='answer-id-254' class='answer   answerof-54  ' value='254'   \/><label for='answer-id-254' id='answer-label-254' class=' answer'><span>Oui et c\u2019est int\u00e9gr\u00e9 pour tout le monde<\/span><\/label><\/div><!-- end question-choices--><\/div><p>D\u00e9crivez en quelques mots les mesures introduites.<br>\n \t\t\t<textarea name='feedback-54' rows='3' cols='30' class='watupro-user-feedback' id='watuproUserFeedback54'><\/textarea><\/p><!-- end questionWrap--><\/div><\/div><div class='watu-question ' id='question-16' style=';'><div id='questionWrap-16'  class='  watupro-required-55 watupro-question-id-55'>\n\t\t\t<div class='question-content'><div><span class='watupro_num'>16. <\/span><p class=\"p1\"><b>\u00c9conomies d\u2019\u00e9nergie<\/b><b> :<\/b><\/p>&nbsp;<br \/>\r\n<br \/>\r\n<img loading=\"lazy\" decoding=\"async\" class=\"alignnone size-full wp-image-4986\" src=\"https:\/\/www.monentreprisedurable.ch\/wp-content\/uploads\/2022\/11\/economies-energies.webp\" alt=\"Badge de mission RSE \u00e9conomie d'\u00e9nergie\" width=\"140\" height=\"140\" \/>&nbsp;<br \/>\r\n<br \/>\r\n&nbsp;<br \/>\r\n<p class=\"p1\"><b>Avez-vous mis en place un plan de r\u00e9duction des consommations d\u2019\u00e9nergie, dans l'ensemble de l'entreprise ?<\/b><\/p>&nbsp;<br \/>\r\n<p class=\"p1\"><em>Exemple : <\/em><i>Remplacement des luminaires, minuteries, extinction des appareils \u00e9lectriques, r\u00e9glage du thermostat du chauffage, renouvellement des appareils trop gourmands en \u00e9nergie<\/i><\/p><\/div><input type='hidden' name='question_id[]' id='qID_16' value='55' class='watupro-question-id'\/><input type='hidden' id='answerType55' class='answerTypeCnt16' value='radio'><input type='hidden' id='watupro-required-question-55'><!-- end question-content--><\/div><div class='question-choices watupro-choices-columns '  id='questionChoices55'><div class='watupro-question-choice  ' dir='auto' ><input type='radio' name='answer-55[]' id='answer-id-217' class='answer   answerof-55  ' value='217'   \/><label for='answer-id-217' id='answer-label-217' class=' answer'><span>Je ne sais pas<\/span><\/label><\/div><div class='watupro-question-choice  ' dir='auto' ><input type='radio' name='answer-55[]' id='answer-id-218' class='answer   answerof-55  ' value='218'   \/><label for='answer-id-218' id='answer-label-218' class=' answer'><span>Non \/ Pas encore<\/span><\/label><\/div><div class='watupro-question-choice  ' dir='auto' ><input type='radio' name='answer-55[]' id='answer-id-219' class='answer   answerof-55  ' value='219'   \/><label for='answer-id-219' id='answer-label-219' class=' answer'><span>Parfois \/ En partie<\/span><\/label><\/div><div class='watupro-question-choice  ' dir='auto' ><input type='radio' name='answer-55[]' id='answer-id-220' class='answer   answerof-55  ' value='220'   \/><label for='answer-id-220' id='answer-label-220' class=' answer'><span>Oui, un plan existe\r\n<\/span><\/label><\/div><div class='watupro-question-choice  ' dir='auto' ><input type='radio' name='answer-55[]' id='answer-id-255' class='answer   answerof-55  ' value='255'   \/><label for='answer-id-255' id='answer-label-255' class=' answer'><span>Oui et c\u2019est int\u00e9gr\u00e9 pour tout le monde<\/span><\/label><\/div><!-- end question-choices--><\/div><p>D\u00e9crivez en quelques mots les mesures introduites.<br>\n \t\t\t<textarea name='feedback-55' rows='3' cols='30' class='watupro-user-feedback' id='watuproUserFeedback55'><\/textarea><\/p><!-- end questionWrap--><\/div><\/div><div class='watu-question ' id='question-17' style=';'><div id='questionWrap-17'  class='  watupro-required-56 watupro-question-id-56'>\n\t\t\t<div class='question-content'><div><span class='watupro_num'>17. <\/span><p class=\"p1\"><b>Mobilit\u00e9s douces<\/b><b> :<\/b><\/p>&nbsp;<br \/>\r\n<br \/>\r\n<img loading=\"lazy\" decoding=\"async\" class=\"size-full wp-image-4989\" src=\"https:\/\/www.monentreprisedurable.ch\/wp-content\/uploads\/2022\/11\/mobilite-douce.webp\" alt=\"Badge de mission RSE mobilit\u00e9s douces\" width=\"140\" height=\"140\" \/>&nbsp;<br \/>\r\n<br \/>\r\n&nbsp;<br \/>\r\n<p class=\"p1\"><b>Avez-vous mis en place un plan pour inciter vos employ\u00e9.es \u00e0 utiliser les mobilit\u00e9s douces (transports en commun, v\u00e9lo, covoiturage,..) ?<\/b><\/p>&nbsp;<br \/>\r\n<p class=\"p1\"><em>Exemple : <\/em><i>Parking \u00e0 v\u00e9lo, prise en charge de l\u2019abonnement de bus, plateforme de covoiturage<\/i><\/p><\/div><input type='hidden' name='question_id[]' id='qID_17' value='56' class='watupro-question-id'\/><input type='hidden' id='answerType56' class='answerTypeCnt17' value='radio'><input type='hidden' id='watupro-required-question-56'><!-- end question-content--><\/div><div class='question-choices watupro-choices-columns '  id='questionChoices56'><div class='watupro-question-choice  ' dir='auto' ><input type='radio' name='answer-56[]' id='answer-id-221' class='answer   answerof-56  ' value='221'   \/><label for='answer-id-221' id='answer-label-221' class=' answer'><span>Je ne sais pas<\/span><\/label><\/div><div class='watupro-question-choice  ' dir='auto' ><input type='radio' name='answer-56[]' id='answer-id-222' class='answer   answerof-56  ' value='222'   \/><label for='answer-id-222' id='answer-label-222' class=' answer'><span>Non \/ Pas encore<\/span><\/label><\/div><div class='watupro-question-choice  ' dir='auto' ><input type='radio' name='answer-56[]' id='answer-id-223' class='answer   answerof-56  ' value='223'   \/><label for='answer-id-223' id='answer-label-223' class=' answer'><span>Parfois \/ En partie<\/span><\/label><\/div><div class='watupro-question-choice  ' dir='auto' ><input type='radio' name='answer-56[]' id='answer-id-224' class='answer   answerof-56  ' value='224'   \/><label for='answer-id-224' id='answer-label-224' class=' answer'><span>Oui, un plan existe<\/span><\/label><\/div><div class='watupro-question-choice  ' dir='auto' ><input type='radio' name='answer-56[]' id='answer-id-256' class='answer   answerof-56  ' value='256'   \/><label for='answer-id-256' id='answer-label-256' class=' answer'><span>Oui et c\u2019est int\u00e9gr\u00e9 pour tout le monde<\/span><\/label><\/div><!-- end question-choices--><\/div><p>D\u00e9crivez en quelques mots les mesures introduites.<br>\n \t\t\t<textarea name='feedback-56' rows='3' cols='30' class='watupro-user-feedback' id='watuproUserFeedback56'><\/textarea><\/p><!-- end questionWrap--><\/div><\/div><div class='watu-question ' id='question-18' style=';'><div id='questionWrap-18'  class='  watupro-required-57 watupro-question-id-57'>\n\t\t\t<div class='question-content'><div><span class='watupro_num'>18. <\/span><p class=\"p1\"><b>Num\u00e9rique durable :<\/b><\/p>&nbsp;<br \/>\r\n<br \/>\r\n<img loading=\"lazy\" decoding=\"async\" class=\"size-full wp-image-4990\" src=\"https:\/\/www.monentreprisedurable.ch\/wp-content\/uploads\/2022\/11\/numerique-durable.webp\" alt=\"Badge de mission RSE num\u00e9rique durable\" width=\"140\" height=\"140\" \/>&nbsp;<br \/>\r\n<br \/>\r\n&nbsp;<br \/>\r\n<p class=\"p1\"><b>Appliquez-vous les bonnes pratiques pour diminuer vos \u00e9missions de gaz \u00e0 effet de serre li\u00e9es au num\u00e9rique ?<\/b><\/p>&nbsp;<br \/>\r\n<p class=\"p1\"><em>Exemple : <\/em><i>Achat de mat\u00e9riel reconditionn\u00e9, serveur de donn\u00e9es \u00ab\u00e9cologique\u00bb, limitation des usages gourmands en \u00e9nergie (video, pi\u00e8ces jointes trop lourdes,\u2026)<\/i><\/p><\/div><input type='hidden' name='question_id[]' id='qID_18' value='57' class='watupro-question-id'\/><input type='hidden' id='answerType57' class='answerTypeCnt18' value='radio'><input type='hidden' id='watupro-required-question-57'><!-- end question-content--><\/div><div class='question-choices watupro-choices-columns '  id='questionChoices57'><div class='watupro-question-choice  ' dir='auto' ><input type='radio' name='answer-57[]' id='answer-id-225' class='answer   answerof-57  ' value='225'   \/><label for='answer-id-225' id='answer-label-225' class=' answer'><span>Je ne sais pas<\/span><\/label><\/div><div class='watupro-question-choice  ' dir='auto' ><input type='radio' name='answer-57[]' id='answer-id-226' class='answer   answerof-57  ' value='226'   \/><label for='answer-id-226' id='answer-label-226' class=' answer'><span>Non \/ Pas encore<\/span><\/label><\/div><div class='watupro-question-choice  ' dir='auto' ><input type='radio' name='answer-57[]' id='answer-id-227' class='answer   answerof-57  ' value='227'   \/><label for='answer-id-227' id='answer-label-227' class=' answer'><span>Parfois \/ En partie<\/span><\/label><\/div><div class='watupro-question-choice  ' dir='auto' ><input type='radio' name='answer-57[]' id='answer-id-228' class='answer   answerof-57  ' value='228'   \/><label for='answer-id-228' id='answer-label-228' class=' answer'><span>Oui, un plan existe<\/span><\/label><\/div><div class='watupro-question-choice  ' dir='auto' ><input type='radio' name='answer-57[]' id='answer-id-257' class='answer   answerof-57  ' value='257'   \/><label for='answer-id-257' id='answer-label-257' class=' answer'><span>Oui et c\u2019est int\u00e9gr\u00e9 pour tout le monde<\/span><\/label><\/div><!-- end question-choices--><\/div><p>D\u00e9crivez en quelques mots les mesures introduites.<br>\n \t\t\t<textarea name='feedback-57' rows='3' cols='30' class='watupro-user-feedback' id='watuproUserFeedback57'><\/textarea><\/p><!-- end questionWrap--><\/div><\/div><div class='watu-question ' id='question-19' style=';'><div id='questionWrap-19'  class='  watupro-required-58 watupro-question-id-58'>\n\t\t\t<div class='question-content'><div><span class='watupro_num'>19. <\/span><p class=\"p1\"><b>R\u00e9duction des d\u00e9chets :<\/b><\/p>&nbsp;<br \/>\r\n<br \/>\r\n<img loading=\"lazy\" decoding=\"async\" class=\"size-full wp-image-4992\" src=\"https:\/\/www.monentreprisedurable.ch\/wp-content\/uploads\/2022\/11\/reduction-dechet.webp\" alt=\"Badge de mission RSE r\u00e9duction des d\u00e9ch\u00e8ts\" width=\"140\" height=\"140\" \/>&nbsp;<br \/>\r\n<br \/>\r\n&nbsp;<br \/>\r\n<p class=\"p1\"><b>Avez-vous mis en place des solutions pour les d\u00e9chets : les \u00e9viter, r\u00e9duire, r\u00e9utiliser, ou recycler ?<\/b><\/p>&nbsp;<br \/>\r\n<p class=\"p1\"><em>Exemple : <\/em><i>Poubelles s\u00e9lectives, vaisselle r\u00e9utilisable, emballages limit\u00e9s<\/i><\/p><\/div><input type='hidden' name='question_id[]' id='qID_19' value='58' class='watupro-question-id'\/><input type='hidden' id='answerType58' class='answerTypeCnt19' value='radio'><input type='hidden' id='watupro-required-question-58'><!-- end question-content--><\/div><div class='question-choices watupro-choices-columns '  id='questionChoices58'><div class='watupro-question-choice  ' dir='auto' ><input type='radio' name='answer-58[]' id='answer-id-229' class='answer   answerof-58  ' value='229'   \/><label for='answer-id-229' id='answer-label-229' class=' answer'><span>Je ne sais pas<\/span><\/label><\/div><div class='watupro-question-choice  ' dir='auto' ><input type='radio' name='answer-58[]' id='answer-id-230' class='answer   answerof-58  ' value='230'   \/><label for='answer-id-230' id='answer-label-230' class=' answer'><span>Non \/ Pas encore<\/span><\/label><\/div><div class='watupro-question-choice  ' dir='auto' ><input type='radio' name='answer-58[]' id='answer-id-231' class='answer   answerof-58  ' value='231'   \/><label for='answer-id-231' id='answer-label-231' class=' answer'><span>Parfois \/ En partie<\/span><\/label><\/div><div class='watupro-question-choice  ' dir='auto' ><input type='radio' name='answer-58[]' id='answer-id-232' class='answer   answerof-58  ' value='232'   \/><label for='answer-id-232' id='answer-label-232' class=' answer'><span>Oui, un plan existe<\/span><\/label><\/div><div class='watupro-question-choice  ' dir='auto' ><input type='radio' name='answer-58[]' id='answer-id-258' class='answer   answerof-58  ' value='258'   \/><label for='answer-id-258' id='answer-label-258' class=' answer'><span>Oui et c\u2019est int\u00e9gr\u00e9 pour tout le monde<\/span><\/label><\/div><!-- end question-choices--><\/div><p>D\u00e9crivez en quelques mots les mesures introduites.<br>\n \t\t\t<textarea name='feedback-58' rows='3' cols='30' class='watupro-user-feedback' id='watuproUserFeedback58'><\/textarea><\/p><!-- end questionWrap--><\/div><\/div><div class='watu-question ' id='question-20' style=';'><div id='questionWrap-20'  class='  watupro-required-59 watupro-question-id-59'>\n\t\t\t<div class='question-content'><div><span class='watupro_num'>20. <\/span><p class=\"p1\"><b>Livraisons douces :<\/b><\/p>&nbsp;<br \/>\r\n<br \/>\r\n<img loading=\"lazy\" decoding=\"async\" class=\"size-full wp-image-4988\" src=\"https:\/\/www.monentreprisedurable.ch\/wp-content\/uploads\/2022\/11\/livraisons-douces.webp\" alt=\"Badge de mission RSE livraisons douces\" width=\"140\" height=\"140\" \/>&nbsp;<br \/>\r\n<br \/>\r\n&nbsp;<br \/>\r\n<p class=\"p1\"><b>Avez-vous mis en place des solutions de livraison pour diminuer l'impact carbone ?<\/b><\/p>&nbsp;<br \/>\r\n<p class=\"p1\"><em>Exemple : <\/em><i>Regroupement des points de livraison, v\u00e9lo cargo, mutualisation avec d\u2019autres entreprises<\/i><\/p><\/div><input type='hidden' name='question_id[]' id='qID_20' value='59' class='watupro-question-id'\/><input type='hidden' id='answerType59' class='answerTypeCnt20' value='radio'><input type='hidden' id='watupro-required-question-59'><!-- end question-content--><\/div><div class='question-choices watupro-choices-columns '  id='questionChoices59'><div class='watupro-question-choice  ' dir='auto' ><input type='radio' name='answer-59[]' id='answer-id-233' class='answer   answerof-59  ' value='233'   \/><label for='answer-id-233' id='answer-label-233' class=' answer'><span>Je ne sais pas<\/span><\/label><\/div><div class='watupro-question-choice  ' dir='auto' ><input type='radio' name='answer-59[]' id='answer-id-234' class='answer   answerof-59  ' value='234'   \/><label for='answer-id-234' id='answer-label-234' class=' answer'><span>Non \/ Pas encore<\/span><\/label><\/div><div class='watupro-question-choice  ' dir='auto' ><input type='radio' name='answer-59[]' id='answer-id-235' class='answer   answerof-59  ' value='235'   \/><label for='answer-id-235' id='answer-label-235' class=' answer'><span>Parfois \/ En partie<\/span><\/label><\/div><div class='watupro-question-choice  ' dir='auto' ><input type='radio' name='answer-59[]' id='answer-id-236' class='answer   answerof-59  ' value='236'   \/><label for='answer-id-236' id='answer-label-236' class=' answer'><span>Oui, un plan existe\r\n<\/span><\/label><\/div><div class='watupro-question-choice  ' dir='auto' ><input type='radio' name='answer-59[]' id='answer-id-259' class='answer   answerof-59  ' value='259'   \/><label for='answer-id-259' id='answer-label-259' class=' answer'><span>Oui et c\u2019est int\u00e9gr\u00e9 pour tout le monde<\/span><\/label><\/div><!-- end question-choices--><\/div><p>D\u00e9crivez en quelques mots les mesures introduites.<br>\n \t\t\t<textarea name='feedback-59' rows='3' cols='30' class='watupro-user-feedback' id='watuproUserFeedback59'><\/textarea><\/p><!-- end questionWrap--><\/div><\/div><div class='watu-question ' id='question-21' style=';'><div id='questionWrap-21'  class='  watupro-required-62 watupro-question-id-62'>\n\t\t\t<div class='question-content'><div><span class='watupro_num'>21. <\/span><strong>Ressources prot\u00e9g\u00e9es :<\/strong>&nbsp;<br \/>\r\n<br \/>\r\n<img loading=\"lazy\" decoding=\"async\" class=\"alignnone  wp-image-9754\" src=\"https:\/\/www.monentreprisedurable.ch\/wp-content\/uploads\/2024\/03\/ressources-protegees-300x300.png\" alt=\"\" width=\"139\" height=\"139\" srcset=\"https:\/\/www.monentreprisedurable.ch\/wp-content\/uploads\/2024\/03\/ressources-protegees-300x300.png 300w, https:\/\/www.monentreprisedurable.ch\/wp-content\/uploads\/2024\/03\/ressources-protegees-150x150.png 150w, https:\/\/www.monentreprisedurable.ch\/wp-content\/uploads\/2024\/03\/ressources-protegees.png 528w\" sizes=\"(max-width: 139px) 100vw, 139px\" \/>&nbsp;<br \/>\r\n<br \/>\r\n&nbsp;<br \/>\r\n<br \/>\r\n<strong>Avez-vous mis en place des mesures pour limiter vos consommations de ressources naturelles ? Avez-vous mis en place des mesures pour limiter la pollution des eaux et des sols, et limiter les atteintes \u00e0 la biodiversit\u00e9 ?<\/strong>&nbsp;<br \/>\r\n<br \/>\r\n<em>Exemple : Mesures des consommations d\u2019eau, mesures des polluants rejet\u00e9s, analyse des risques pour la biodiversit\u00e9, plans de sensibilisation et d\u2019am\u00e9lioration, ...<\/em><\/div><input type='hidden' name='question_id[]' id='qID_21' value='62' class='watupro-question-id'\/><input type='hidden' id='answerType62' class='answerTypeCnt21' value='radio'><input type='hidden' id='watupro-required-question-62'><!-- end question-content--><\/div><div class='question-choices watupro-choices-columns '  id='questionChoices62'><div class='watupro-question-choice  ' dir='auto' ><input type='radio' name='answer-62[]' id='answer-id-266' class='answer   answerof-62  ' value='266'   \/><label for='answer-id-266' id='answer-label-266' class=' answer'><span>Je ne sais pas<\/span><\/label><\/div><div class='watupro-question-choice  ' dir='auto' ><input type='radio' name='answer-62[]' id='answer-id-267' class='answer   answerof-62  ' value='267'   \/><label for='answer-id-267' id='answer-label-267' class=' answer'><span>Non \/ Pas encore<\/span><\/label><\/div><div class='watupro-question-choice  ' dir='auto' ><input type='radio' name='answer-62[]' id='answer-id-268' class='answer   answerof-62  ' value='268'   \/><label for='answer-id-268' id='answer-label-268' class=' answer'><span>Parfois \/ En partie<\/span><\/label><\/div><div class='watupro-question-choice  ' dir='auto' ><input type='radio' name='answer-62[]' id='answer-id-269' class='answer   answerof-62  ' value='269'   \/><label for='answer-id-269' id='answer-label-269' class=' answer'><span>Oui, un plan existe<\/span><\/label><\/div><div class='watupro-question-choice  ' dir='auto' ><input type='radio' name='answer-62[]' id='answer-id-270' class='answer   answerof-62  ' value='270'   \/><label for='answer-id-270' id='answer-label-270' class=' answer'><span>Oui et c\u2019est int\u00e9gr\u00e9 pour tout le monde<\/span><\/label><\/div><!-- end question-choices--><\/div><p>D\u00e9crivez en quelques mots les mesures introduites.<br>\n \t\t\t<textarea name='feedback-62' rows='3' cols='30' class='watupro-user-feedback' id='watuproUserFeedback62'><\/textarea><\/p><!-- end questionWrap--><\/div><\/div><div class='watu-question ' id='question-22' style=';'><div id='questionWrap-22'  class='  watupro-required-60 watupro-question-id-60'>\n\t\t\t<div class='question-content'><div><span class='watupro_num'>22. <\/span><p class=\"p1\"><b>R\u00e9duction carbone :<\/b><\/p>&nbsp;<br \/>\r\n<br \/>\r\n<img loading=\"lazy\" decoding=\"async\" class=\"size-full wp-image-4991\" src=\"https:\/\/www.monentreprisedurable.ch\/wp-content\/uploads\/2022\/11\/reduction-carbone.webp\" alt=\"Badge de mission RSE r\u00e9duction carbone\" width=\"140\" height=\"140\" \/>&nbsp;<br \/>\r\n<br \/>\r\n&nbsp;<br \/>\r\n<p class=\"p1\"><b>Avez-vous r\u00e9alis\u00e9 un bilan carbone de l'entreprise et \u00e9tabli un plan d'action pour r\u00e9duire les \u00e9missions de gaz \u00e0 effet de serre en ligne avec l'accord de Paris ?<\/b><\/p><\/div><input type='hidden' name='question_id[]' id='qID_22' value='60' class='watupro-question-id'\/><input type='hidden' id='answerType60' class='answerTypeCnt22' value='radio'><input type='hidden' id='watupro-required-question-60'><!-- end question-content--><\/div><div class='question-choices watupro-choices-columns '  id='questionChoices60'><div class='watupro-question-choice  ' dir='auto' ><input type='radio' name='answer-60[]' id='answer-id-237' class='answer   answerof-60  ' value='237'   \/><label for='answer-id-237' id='answer-label-237' class=' answer'><span>Je ne sais pas<\/span><\/label><\/div><div class='watupro-question-choice  ' dir='auto' ><input type='radio' name='answer-60[]' id='answer-id-238' class='answer   answerof-60  ' value='238'   \/><label for='answer-id-238' id='answer-label-238' class=' answer'><span>Non \/ Pas encore<\/span><\/label><\/div><div class='watupro-question-choice  ' dir='auto' ><input type='radio' name='answer-60[]' id='answer-id-239' class='answer   answerof-60  ' value='239'   \/><label for='answer-id-239' id='answer-label-239' class=' answer'><span>Parfois \/ En partie<\/span><\/label><\/div><div class='watupro-question-choice  ' dir='auto' ><input type='radio' name='answer-60[]' id='answer-id-240' class='answer   answerof-60  ' value='240'   \/><label for='answer-id-240' id='answer-label-240' class=' answer'><span>Oui, un plan existe<\/span><\/label><\/div><div class='watupro-question-choice  ' dir='auto' ><input type='radio' name='answer-60[]' id='answer-id-260' class='answer   answerof-60  ' value='260'   \/><label for='answer-id-260' id='answer-label-260' class=' answer'><span>Oui et c\u2019est int\u00e9gr\u00e9 pour tout le monde<\/span><\/label><\/div><!-- end question-choices--><\/div><p>D\u00e9crivez en quelques mots les mesures introduites.<br>\n \t\t\t<textarea name='feedback-60' rows='3' cols='30' class='watupro-user-feedback' id='watuproUserFeedback60'><\/textarea><\/p><!-- end questionWrap--><\/div><\/div><\/div><\/div><div style='display:none' id='question-23'>\n\t<div class='question-content'>\n\t\t<img loading=\"lazy\" decoding=\"async\" src=\"https:\/\/www.monentreprisedurable.ch\/wp-content\/plugins\/watupro\/img\/loading.gif\" width=\"16\" height=\"16\" alt=\"Loading...\" title=\"Loading...\" \/>&nbsp;Loading...\t<\/div>\n<\/div>\n\n<br \/>\n\t\n\t\t\t<div class=\"watupro_buttons flex \" id=\"watuPROButtons3\" >\n\t\t  <div id=\"prev-question\" style=\"display:none;\"><input type=\"button\" value=\"&lt; Pr\u00e9c\u00e9dent\" onclick=\"WatuPRO.nextQuestion(event, 'previous');\"\/><\/div>\t\t  \t\t  \t\t   \n\t\t   \t  \t<div style=\"display:none;\" id=\"watuproPrevCatButton\"><input type=\"button\" onclick=\"WatuPRO.nextCategory(3, false);\" value=\"Page pr\u00e9c\u00e9dente\"><\/div><div id=\"watuproNextCatButton\"><input type=\"button\" onclick=\"WatuPRO.nextCategory(3, true);\" value=\"Page suivante\"><\/div> \n\t  \t  \t\t<div><input type=\"button\" name=\"action\" class=\"watupro-submit-button\" onclick=\"WatuPRO.submitResult(event)\" id=\"action-button\" value=\"Voir les r\u00e9sultats\" style='display:none;' \/>\n\t\t<\/div>\n\t\t<\/div>\n\t\t\n\t<input type=\"hidden\" name=\"quiz_id\" value=\"3\" id=\"watuPROExamID\"\/>\n\t<input type=\"hidden\" name=\"start_time\" id=\"startTime\" value=\"2026-05-01 03:44:50\" \/>\n\t<input type=\"hidden\" name=\"start_timestamp\" id=\"startTimeStamp\" value=\"1777607090\" \/>\n\t<input type=\"hidden\" name=\"question_ids\" value=\"\" \/>\n\t<input type=\"hidden\" name=\"watupro_questions\" value=\"41:161,162,163,164,241 | 42:165,166,167,168,242 | 43:169,170,171,172,243 | 44:173,174,175,176,244 | 45:177,178,179,180,245 | 46:181,182,183,184,246 | 61:261,262,263,264,265 | 47:185,186,187,188,247 | 48:189,190,191,192,248 | 49:193,194,195,196,249 | 50:197,198,199,200,250 | 51:201,202,203,204,251 | 52:205,206,207,208,252 | 53:209,210,211,212,253 | 54:213,214,215,216,254 | 55:217,218,219,220,255 | 56:221,222,223,224,256 | 57:225,226,227,228,257 | 58:229,230,231,232,258 | 59:233,234,235,236,259 | 62:266,267,268,269,270 | 60:237,238,239,240,260\" \/>\n\t<input type=\"hidden\" name=\"no_ajax\" value=\"0\">\t\t\t<\/form>\n\t<p>&nbsp;<\/p>\n<\/div>\n\n<script type=\"text\/javascript\">\n\/\/jQuery(document).ready(function(){\ndocument.addEventListener(\"DOMContentLoaded\", function(event) { \t\nvar question_ids = \"41,42,43,44,45,46,61,47,48,49,50,51,52,53,54,55,56,57,58,59,62,60\";\nWatuPROSettings[3] = {};\nWatuPRO.qArr = question_ids.split(',');\nWatuPRO.exam_id = 3;\t    \nWatuPRO.post_id = 17945;\nWatuPRO.store_progress = 1;\nWatuPRO.curCatPage = 1;\nWatuPRO.requiredIDs=\"0,41,42,43,44,45,46,61,47,48,49,50,51,52,53,54,55,56,57,58,59,62,60\".split(\",\");\nWatuPRO.hAppID = \"0.58690300 1777603490\";\nvar url = \"https:\/\/www.monentreprisedurable.ch\/wp-content\/plugins\/watupro\/show_exam.php\";\nWatuPRO.examMode = 2;\nWatuPRO.numCats =3;\nWatuPRO.siteURL=\"https:\/\/www.monentreprisedurable.ch\/wp-admin\/admin-ajax.php\";\nWatuPRO.emailIsNotRequired = 1;\nWatuPRO.perDecade = 10;\nWatuPRO.inCategoryPages=1;});    \t \n<\/script>\n<\/div>\n\t\t\t\t\t\t<\/div>\n\t\t\t\t<\/div>\n\t\t\t\t\t<\/div>\n\t\t<\/div>\n\t\t\t\t\t<\/div>\n\t\t<\/section>\n\t\t\t\t<\/div>\n\t\t","protected":false},"excerpt":{"rendered":"<p>Self-diagnosis of yourCSR maturity<\/p>\n","protected":false},"author":13,"featured_media":0,"parent":0,"menu_order":0,"comment_status":"closed","ping_status":"closed","template":"","meta":{"site-sidebar-layout":"no-sidebar","site-content-layout":"page-builder","ast-site-content-layout":"full-width-container","site-content-style":"default","site-sidebar-style":"default","ast-global-header-display":"","ast-banner-title-visibility":"","ast-main-header-display":"","ast-hfb-above-header-display":"","ast-hfb-below-header-display":"","ast-hfb-mobile-header-display":"","site-post-title":"disabled","ast-breadcrumbs-content":"","ast-featured-img":"disabled","footer-sml-layout":"","ast-disable-related-posts":"","theme-transparent-header-meta":"","adv-header-id-meta":"","stick-header-meta":"","header-above-stick-meta":"","header-main-stick-meta":"","header-below-stick-meta":"","astra-migrate-meta-layouts":"default","ast-page-background-enabled":"default","ast-page-background-meta":{"desktop":{"background-color":"","background-image":"","background-repeat":"repeat","background-position":"center center","background-size":"auto","background-attachment":"scroll","background-type":"","background-media":"","overlay-type":"","overlay-color":"","overlay-opacity":"","overlay-gradient":""},"tablet":{"background-color":"","background-image":"","background-repeat":"repeat","background-position":"center center","background-size":"auto","background-attachment":"scroll","background-type":"","background-media":"","overlay-type":"","overlay-color":"","overlay-opacity":"","overlay-gradient":""},"mobile":{"background-color":"","background-image":"","background-repeat":"repeat","background-position":"center center","background-size":"auto","background-attachment":"scroll","background-type":"","background-media":"","overlay-type":"","overlay-color":"","overlay-opacity":"","overlay-gradient":""}},"ast-content-background-meta":{"desktop":{"background-color":"var(--ast-global-color-5)","background-image":"","background-repeat":"repeat","background-position":"center center","background-size":"auto","background-attachment":"scroll","background-type":"","background-media":"","overlay-type":"","overlay-color":"","overlay-opacity":"","overlay-gradient":""},"tablet":{"background-color":"var(--ast-global-color-5)","background-image":"","background-repeat":"repeat","background-position":"center center","background-size":"auto","background-attachment":"scroll","background-type":"","background-media":"","overlay-type":"","overlay-color":"","overlay-opacity":"","overlay-gradient":""},"mobile":{"background-color":"var(--ast-global-color-5)","background-image":"","background-repeat":"repeat","background-position":"center center","background-size":"auto","background-attachment":"scroll","background-type":"","background-media":"","overlay-type":"","overlay-color":"","overlay-opacity":"","overlay-gradient":""}},"footnotes":""},"class_list":["post-17945","page","type-page","status-publish","hentry"],"yoast_head":"<!-- This site is optimized with the Yoast SEO plugin v27.5 - https:\/\/yoast.com\/product\/yoast-seo-wordpress\/ -->\n<title>CSR self-diagnosis workshop - Mon Entreprise Durable par Coptain<\/title>\n<meta name=\"description\" content=\"Welcome to the self-diagnostic specially created for a FER workshop in April 2024. Take the test and get your results!\" \/>\n<meta name=\"robots\" content=\"index, follow, max-snippet:-1, max-image-preview:large, max-video-preview:-1\" \/>\n<link rel=\"canonical\" href=\"https:\/\/www.monentreprisedurable.ch\/en\/csr-self-diagnosis-workshop\/\" \/>\n<meta property=\"og:locale\" content=\"en_US\" \/>\n<meta property=\"og:type\" content=\"article\" \/>\n<meta property=\"og:title\" content=\"CSR self-diagnosis workshop - Mon Entreprise Durable par Coptain\" \/>\n<meta property=\"og:description\" content=\"Welcome to the self-diagnostic specially created for a FER workshop in April 2024. Take the test and get your results!\" \/>\n<meta property=\"og:url\" content=\"https:\/\/www.monentreprisedurable.ch\/en\/csr-self-diagnosis-workshop\/\" \/>\n<meta property=\"og:site_name\" content=\"Mon Entreprise Durable par Coptain\" \/>\n<meta property=\"article:modified_time\" content=\"2024-10-01T12:33:16+00:00\" \/>\n<meta name=\"twitter:card\" content=\"summary_large_image\" \/>\n<script type=\"application\/ld+json\" class=\"yoast-schema-graph\">{\"@context\":\"https:\\\/\\\/schema.org\",\"@graph\":[{\"@type\":\"WebPage\",\"@id\":\"https:\\\/\\\/www.monentreprisedurable.ch\\\/en\\\/csr-self-diagnosis-workshop\\\/\",\"url\":\"https:\\\/\\\/www.monentreprisedurable.ch\\\/en\\\/csr-self-diagnosis-workshop\\\/\",\"name\":\"CSR self-diagnosis workshop - Mon Entreprise Durable par Coptain\",\"isPartOf\":{\"@id\":\"https:\\\/\\\/www.monentreprisedurable.ch\\\/en\\\/#website\"},\"datePublished\":\"2024-03-27T11:08:33+00:00\",\"dateModified\":\"2024-10-01T12:33:16+00:00\",\"description\":\"Welcome to the self-diagnostic specially created for a FER workshop in April 2024. Take the test and get your results!\",\"breadcrumb\":{\"@id\":\"https:\\\/\\\/www.monentreprisedurable.ch\\\/en\\\/csr-self-diagnosis-workshop\\\/#breadcrumb\"},\"inLanguage\":\"en-US\",\"potentialAction\":[{\"@type\":\"ReadAction\",\"target\":[\"https:\\\/\\\/www.monentreprisedurable.ch\\\/en\\\/csr-self-diagnosis-workshop\\\/\"]}]},{\"@type\":\"BreadcrumbList\",\"@id\":\"https:\\\/\\\/www.monentreprisedurable.ch\\\/en\\\/csr-self-diagnosis-workshop\\\/#breadcrumb\",\"itemListElement\":[{\"@type\":\"ListItem\",\"position\":1,\"name\":\"Home\",\"item\":\"https:\\\/\\\/www.monentreprisedurable.ch\\\/en\\\/home-new-page\\\/\"},{\"@type\":\"ListItem\",\"position\":2,\"name\":\"CSR self-diagnosis workshop\"}]},{\"@type\":\"WebSite\",\"@id\":\"https:\\\/\\\/www.monentreprisedurable.ch\\\/en\\\/#website\",\"url\":\"https:\\\/\\\/www.monentreprisedurable.ch\\\/en\\\/\",\"name\":\"Mon Entreprise Durable par Coptain\",\"description\":\"Nous vous accompagnons vers la durabilit\u00e9\",\"publisher\":{\"@id\":\"https:\\\/\\\/www.monentreprisedurable.ch\\\/en\\\/#organization\"},\"potentialAction\":[{\"@type\":\"SearchAction\",\"target\":{\"@type\":\"EntryPoint\",\"urlTemplate\":\"https:\\\/\\\/www.monentreprisedurable.ch\\\/en\\\/?s={search_term_string}\"},\"query-input\":{\"@type\":\"PropertyValueSpecification\",\"valueRequired\":true,\"valueName\":\"search_term_string\"}}],\"inLanguage\":\"en-US\"},{\"@type\":\"Organization\",\"@id\":\"https:\\\/\\\/www.monentreprisedurable.ch\\\/en\\\/#organization\",\"name\":\"Mon Entreprise Durable\",\"url\":\"https:\\\/\\\/www.monentreprisedurable.ch\\\/en\\\/\",\"logo\":{\"@type\":\"ImageObject\",\"inLanguage\":\"en-US\",\"@id\":\"https:\\\/\\\/www.monentreprisedurable.ch\\\/en\\\/#\\\/schema\\\/logo\\\/image\\\/\",\"url\":\"https:\\\/\\\/www.monentreprisedurable.ch\\\/wp-content\\\/uploads\\\/2020\\\/02\\\/Logo-MED-2lignes-e1652710055906.png\",\"contentUrl\":\"https:\\\/\\\/www.monentreprisedurable.ch\\\/wp-content\\\/uploads\\\/2020\\\/02\\\/Logo-MED-2lignes-e1652710055906.png\",\"width\":300,\"height\":120,\"caption\":\"Mon Entreprise Durable\"},\"image\":{\"@id\":\"https:\\\/\\\/www.monentreprisedurable.ch\\\/en\\\/#\\\/schema\\\/logo\\\/image\\\/\"},\"sameAs\":[\"https:\\\/\\\/www.linkedin.com\\\/company\\\/mon-entreprise-durable\\\/\"]}]}<\/script>\n<!-- \/ Yoast SEO plugin. -->","yoast_head_json":{"title":"CSR self-diagnosis workshop - Mon Entreprise Durable par Coptain","description":"Welcome to the self-diagnostic specially created for a FER workshop in April 2024. Take the test and get your results!","robots":{"index":"index","follow":"follow","max-snippet":"max-snippet:-1","max-image-preview":"max-image-preview:large","max-video-preview":"max-video-preview:-1"},"canonical":"https:\/\/www.monentreprisedurable.ch\/en\/csr-self-diagnosis-workshop\/","og_locale":"en_US","og_type":"article","og_title":"CSR self-diagnosis workshop - Mon Entreprise Durable par Coptain","og_description":"Welcome to the self-diagnostic specially created for a FER workshop in April 2024. Take the test and get your results!","og_url":"https:\/\/www.monentreprisedurable.ch\/en\/csr-self-diagnosis-workshop\/","og_site_name":"Mon Entreprise Durable par Coptain","article_modified_time":"2024-10-01T12:33:16+00:00","twitter_card":"summary_large_image","schema":{"@context":"https:\/\/schema.org","@graph":[{"@type":"WebPage","@id":"https:\/\/www.monentreprisedurable.ch\/en\/csr-self-diagnosis-workshop\/","url":"https:\/\/www.monentreprisedurable.ch\/en\/csr-self-diagnosis-workshop\/","name":"CSR self-diagnosis workshop - Mon Entreprise Durable par Coptain","isPartOf":{"@id":"https:\/\/www.monentreprisedurable.ch\/en\/#website"},"datePublished":"2024-03-27T11:08:33+00:00","dateModified":"2024-10-01T12:33:16+00:00","description":"Welcome to the self-diagnostic specially created for a FER workshop in April 2024. Take the test and get your results!","breadcrumb":{"@id":"https:\/\/www.monentreprisedurable.ch\/en\/csr-self-diagnosis-workshop\/#breadcrumb"},"inLanguage":"en-US","potentialAction":[{"@type":"ReadAction","target":["https:\/\/www.monentreprisedurable.ch\/en\/csr-self-diagnosis-workshop\/"]}]},{"@type":"BreadcrumbList","@id":"https:\/\/www.monentreprisedurable.ch\/en\/csr-self-diagnosis-workshop\/#breadcrumb","itemListElement":[{"@type":"ListItem","position":1,"name":"Home","item":"https:\/\/www.monentreprisedurable.ch\/en\/home-new-page\/"},{"@type":"ListItem","position":2,"name":"CSR self-diagnosis workshop"}]},{"@type":"WebSite","@id":"https:\/\/www.monentreprisedurable.ch\/en\/#website","url":"https:\/\/www.monentreprisedurable.ch\/en\/","name":"Mon Entreprise Durable par Coptain","description":"Nous vous accompagnons vers la durabilit\u00e9","publisher":{"@id":"https:\/\/www.monentreprisedurable.ch\/en\/#organization"},"potentialAction":[{"@type":"SearchAction","target":{"@type":"EntryPoint","urlTemplate":"https:\/\/www.monentreprisedurable.ch\/en\/?s={search_term_string}"},"query-input":{"@type":"PropertyValueSpecification","valueRequired":true,"valueName":"search_term_string"}}],"inLanguage":"en-US"},{"@type":"Organization","@id":"https:\/\/www.monentreprisedurable.ch\/en\/#organization","name":"Mon Entreprise Durable","url":"https:\/\/www.monentreprisedurable.ch\/en\/","logo":{"@type":"ImageObject","inLanguage":"en-US","@id":"https:\/\/www.monentreprisedurable.ch\/en\/#\/schema\/logo\/image\/","url":"https:\/\/www.monentreprisedurable.ch\/wp-content\/uploads\/2020\/02\/Logo-MED-2lignes-e1652710055906.png","contentUrl":"https:\/\/www.monentreprisedurable.ch\/wp-content\/uploads\/2020\/02\/Logo-MED-2lignes-e1652710055906.png","width":300,"height":120,"caption":"Mon Entreprise Durable"},"image":{"@id":"https:\/\/www.monentreprisedurable.ch\/en\/#\/schema\/logo\/image\/"},"sameAs":["https:\/\/www.linkedin.com\/company\/mon-entreprise-durable\/"]}]}},"_links":{"self":[{"href":"https:\/\/www.monentreprisedurable.ch\/en\/wp-json\/wp\/v2\/pages\/17945","targetHints":{"allow":["GET"]}}],"collection":[{"href":"https:\/\/www.monentreprisedurable.ch\/en\/wp-json\/wp\/v2\/pages"}],"about":[{"href":"https:\/\/www.monentreprisedurable.ch\/en\/wp-json\/wp\/v2\/types\/page"}],"author":[{"embeddable":true,"href":"https:\/\/www.monentreprisedurable.ch\/en\/wp-json\/wp\/v2\/users\/13"}],"replies":[{"embeddable":true,"href":"https:\/\/www.monentreprisedurable.ch\/en\/wp-json\/wp\/v2\/comments?post=17945"}],"version-history":[{"count":2,"href":"https:\/\/www.monentreprisedurable.ch\/en\/wp-json\/wp\/v2\/pages\/17945\/revisions"}],"predecessor-version":[{"id":17952,"href":"https:\/\/www.monentreprisedurable.ch\/en\/wp-json\/wp\/v2\/pages\/17945\/revisions\/17952"}],"wp:attachment":[{"href":"https:\/\/www.monentreprisedurable.ch\/en\/wp-json\/wp\/v2\/media?parent=17945"}],"curies":[{"name":"wp","href":"https:\/\/api.w.org\/{rel}","templated":true}]}}